{"id":673,"date":"2020-12-17T13:42:38","date_gmt":"2020-12-17T12:42:38","guid":{"rendered":"https:\/\/ratskeller.restaurant\/kantine-leipzig\/?page_id=673"},"modified":"2025-04-04T17:32:01","modified_gmt":"2025-04-04T15:32:01","slug":"datenschutz","status":"publish","type":"page","link":"https:\/\/ratskeller.restaurant\/kantine-leipzig\/datenschutz\/","title":{"rendered":"Datenschutz"},"content":{"rendered":"\t\t<div data-elementor-type=\"wp-page\" data-elementor-id=\"673\" class=\"elementor elementor-673\" data-elementor-post-type=\"page\">\n\t\t\t\t\t\t<section class=\"elementor-section elementor-top-section elementor-element elementor-element-e347f5d elementor-section-boxed elementor-section-height-default elementor-section-height-default\" data-id=\"e347f5d\" data-element_type=\"section\" data-e-type=\"section\">\n\t\t\t\t\t\t<div class=\"elementor-container elementor-column-gap-no\">\n\t\t\t\t\t<div class=\"elementor-column elementor-col-100 elementor-top-column elementor-element elementor-element-2661982\" data-id=\"2661982\" data-element_type=\"column\" data-e-type=\"column\">\n\t\t\t<div class=\"elementor-widget-wrap elementor-element-populated\">\n\t\t\t\t\t\t<div class=\"elementor-element elementor-element-1d0e0bb elementor-widget elementor-widget-menu-anchor\" data-id=\"1d0e0bb\" data-element_type=\"widget\" data-e-type=\"widget\" data-widget_type=\"menu-anchor.default\">\n\t\t\t\t<div class=\"elementor-widget-container\">\n\t\t\t\t\t\t\t<div class=\"elementor-menu-anchor\" id=\"oben\"><\/div>\n\t\t\t\t\t\t<\/div>\n\t\t\t\t<\/div>\n\t\t\t\t\t<\/div>\n\t\t<\/div>\n\t\t\t\t\t<\/div>\n\t\t<\/section>\n\t\t\t\t<section class=\"elementor-section elementor-top-section elementor-element elementor-element-94d00c9 elementor-section-full_width elementor-hidden-phone elementor-section-height-default elementor-section-height-default\" data-id=\"94d00c9\" data-element_type=\"section\" data-e-type=\"section\" data-settings=\"{&quot;sticky&quot;:&quot;bottom&quot;,&quot;background_background&quot;:&quot;classic&quot;,&quot;sticky_on&quot;:[&quot;desktop&quot;,&quot;tablet&quot;,&quot;mobile&quot;],&quot;sticky_offset&quot;:0,&quot;sticky_effects_offset&quot;:0,&quot;sticky_anchor_link_offset&quot;:0}\">\n\t\t\t\t\t\t<div class=\"elementor-container elementor-column-gap-default\">\n\t\t\t\t\t<div class=\"elementor-column elementor-col-100 elementor-top-column elementor-element elementor-element-33646ec\" data-id=\"33646ec\" data-element_type=\"column\" data-e-type=\"column\" data-settings=\"{&quot;motion_fx_motion_fx_scrolling&quot;:&quot;yes&quot;,&quot;motion_fx_devices&quot;:[&quot;desktop&quot;,&quot;tablet&quot;,&quot;mobile&quot;]}\">\n\t\t\t<div class=\"elementor-widget-wrap elementor-element-populated\">\n\t\t\t\t\t\t<div class=\"elementor-element elementor-element-0c73bf5 elementor-widget elementor-widget-slider_revolution\" data-id=\"0c73bf5\" data-element_type=\"widget\" data-e-type=\"widget\" data-widget_type=\"slider_revolution.default\">\n\t\t\t\t<div class=\"elementor-widget-container\">\n\t\t\t\t\t\n\t\t<div class=\"wp-block-themepunch-revslider\">\n\t\t\t\t<p class=\"rs-p-wp-fix\"><\/p>\n\t\t\t\t<sr7-module data-alias=\"menu1\" data-id=\"12\" id=\"header\" class=\"rs-ov-hidden\" data-version=\"6.7.54\">\n\t\t\t\t\t<sr7-adjuster><\/sr7-adjuster>\n\t\t\t\t\t<sr7-content>\n\t\t\t\t\t\t<sr7-slide id=\"header-5\" data-key=\"5\">\n\t\t\t\t\t\t\t<sr7-txt id=\"header-5-0\" class=\"sr7-layer\"><i class=\"material-icons\">menu<\/i><\/sr7-txt>\n\t\t\t\t\t\t\t<a id=\"header-5-1\" class=\"sr7-layer\" href=\"https:\/\/ratskeller.restaurant\/kantine-leipzig\/team-2\/\" target=\"_self\" rel=\"nofollow\">Team<\/a>\n\t\t\t\t\t\t\t<a id=\"header-5-2\" class=\"sr7-layer\" href=\"https:\/\/ratskeller.restaurant\/kantine-leipzig\/angebot\/\" target=\"_self\" rel=\"nofollow\">Angebot<\/a>\n\t\t\t\t\t\t\t<a id=\"header-5-3\" class=\"sr7-layer\" href=\"https:\/\/ratskeller.restaurant\/kantine-leipzig\/speiseplan\/\" target=\"_self\" rel=\"nofollow\">Speisekarte<\/a>\n\t\t\t\t\t\t\t<a id=\"header-5-4\" class=\"sr7-layer\" href=\"https:\/\/ratskeller.restaurant\/kantine-leipzig\/stellenausschreibung\/\" target=\"_self\" rel=\"nofollow\">Stellenausschreibung<\/a>\n\t\t\t\t\t\t\t<a id=\"header-5-13\" class=\"sr7-layer\" href=\"#kontakt\" target=\"_self\">Kontakt<\/a>\n\t\t\t\t\t\t\t<a id=\"header-5-23\" class=\"sr7-layer\" href=\"https:\/\/ratskeller.restaurant\/kantine-leipzig\/formulare\" target=\"_self\" rel=\"nofollow\">Formulare<\/a>\n\t\t\t\t\t\t\t<a id=\"header-5-24\" class=\"sr7-layer\" href=\"https:\/\/ratskeller.restaurant\/kantine-leipzig\/\" target=\"_self\" rel=\"nofollow\">Kantine der Stadt Leipzig<\/a>\n\t\t\t\t\t\t<\/sr7-slide>\n\t\t\t\t\t\t<sr7-slide id=\"header-20\" data-key=\"20\">\n\t\t\t\t\t\t<\/sr7-slide>\n\t\t\t\t\t<\/sr7-content>\n\t\t\t\t<\/sr7-module>\n\t\t\t\t<script>\n\t\t\t\t\twindow.SR7 ??={};SR7.PMH ??={}; SR7.PMH[\"header\"] = {cn:100,state:false,fn: function() { if (window._tpt!==undefined && window._tpt.prepareModuleHeight !== undefined) {  _tpt.prepareModuleHeight({id:\"header\",el:[900,900,768,960,720],fixed:true,type:'hero',shdw:'0',gh:[900,900,768,960,720],gw:[1000,1000,1024,778,480],vpt:['-200px&#039;,&#039;-200px&#039;,&#039;-200px&#039;,&#039;-200px&#039;,&#039;-200px'],size:{fullWidth:true, fullHeight:false},mh:'0',onh:0,onw:0,bg:{color:'{\"orig\":\"transparent\",\"type\":\"solid\",\"string\":\"transparent\"}'}});   SR7.PMH[\"header\"].state=true;} else if(SR7.PMH[\"header\"].cn-->0)\tsetTimeout( SR7.PMH[\"header\"].fn,19);}};SR7.PMH[\"header\" ].fn();\n\t\t\t\t<\/script>\n<\/div>\n\n\t\t\t\t\t\t<\/div>\n\t\t\t\t<\/div>\n\t\t\t\t\t<\/div>\n\t\t<\/div>\n\t\t\t\t\t<\/div>\n\t\t<\/section>\n\t\t\t\t<section class=\"elementor-section elementor-top-section elementor-element elementor-element-d9cd451 elementor-hidden-desktop elementor-hidden-tablet elementor-section-boxed elementor-section-height-default elementor-section-height-default\" data-id=\"d9cd451\" data-element_type=\"section\" data-e-type=\"section\" data-settings=\"{&quot;background_background&quot;:&quot;classic&quot;}\">\n\t\t\t\t\t\t<div class=\"elementor-container elementor-column-gap-default\">\n\t\t\t\t\t<div class=\"elementor-column elementor-col-100 elementor-top-column elementor-element elementor-element-a8bf385\" data-id=\"a8bf385\" data-element_type=\"column\" data-e-type=\"column\">\n\t\t\t<div class=\"elementor-widget-wrap elementor-element-populated\">\n\t\t\t\t\t\t<div class=\"elementor-element elementor-element-b216398 elementor-widget elementor-widget-text-editor\" data-id=\"b216398\" data-element_type=\"widget\" data-e-type=\"widget\" data-widget_type=\"text-editor.default\">\n\t\t\t\t<div class=\"elementor-widget-container\">\n\t\t\t\t\t\t\t\t\t<p><a href=\"https:\/\/ratskeller.restaurant\/kantine-leipzig\/\"><strong>HOME<\/strong><\/a><\/p><p><a href=\"#kontakt\"><strong>\u00d6FFNUNGSZEITEN<\/strong><\/a><\/p><p><strong><a href=\"https:\/\/ratskeller.restaurant\/kantine-leipzig\/speisekarte-2\/\">SPEISEKARTE<\/a><\/strong><\/p><p><a href=\"https:\/\/ratskeller.restaurant\/kantine-leipzig\/Angebot\/\"><strong>ANGEBOT<\/strong><\/a><\/p>\t\t\t\t\t\t\t\t<\/div>\n\t\t\t\t<\/div>\n\t\t\t\t<div class=\"elementor-element elementor-element-d4b43d9 elementor-widget-divider--view-line elementor-widget elementor-widget-divider\" data-id=\"d4b43d9\" data-element_type=\"widget\" data-e-type=\"widget\" data-widget_type=\"divider.default\">\n\t\t\t\t<div class=\"elementor-widget-container\">\n\t\t\t\t\t\t\t<div class=\"elementor-divider\">\n\t\t\t<span class=\"elementor-divider-separator\">\n\t\t\t\t\t\t<\/span>\n\t\t<\/div>\n\t\t\t\t\t\t<\/div>\n\t\t\t\t<\/div>\n\t\t\t\t\t<\/div>\n\t\t<\/div>\n\t\t\t\t\t<\/div>\n\t\t<\/section>\n\t\t\t\t<section class=\"elementor-section elementor-top-section elementor-element elementor-element-39cb330 elementor-hidden-phone elementor-section-boxed elementor-section-height-default elementor-section-height-default\" data-id=\"39cb330\" data-element_type=\"section\" data-e-type=\"section\">\n\t\t\t\t\t\t<div class=\"elementor-container elementor-column-gap-default\">\n\t\t\t\t\t<div class=\"elementor-column elementor-col-100 elementor-top-column elementor-element elementor-element-91d1c58\" data-id=\"91d1c58\" data-element_type=\"column\" data-e-type=\"column\">\n\t\t\t<div class=\"elementor-widget-wrap elementor-element-populated\">\n\t\t\t\t\t\t<div class=\"elementor-element elementor-element-85dcfc5 elementor-widget elementor-widget-spacer\" data-id=\"85dcfc5\" data-element_type=\"widget\" data-e-type=\"widget\" data-widget_type=\"spacer.default\">\n\t\t\t\t<div class=\"elementor-widget-container\">\n\t\t\t\t\t\t\t<div class=\"elementor-spacer\">\n\t\t\t<div class=\"elementor-spacer-inner\"><\/div>\n\t\t<\/div>\n\t\t\t\t\t\t<\/div>\n\t\t\t\t<\/div>\n\t\t\t\t\t<\/div>\n\t\t<\/div>\n\t\t\t\t\t<\/div>\n\t\t<\/section>\n\t\t\t\t<section class=\"elementor-section elementor-top-section elementor-element elementor-element-cca7f15 elementor-section-boxed elementor-section-height-default elementor-section-height-default\" data-id=\"cca7f15\" data-element_type=\"section\" data-e-type=\"section\" data-settings=\"{&quot;background_background&quot;:&quot;classic&quot;}\">\n\t\t\t\t\t\t<div class=\"elementor-container elementor-column-gap-default\">\n\t\t\t\t\t<div class=\"elementor-column elementor-col-100 elementor-top-column elementor-element elementor-element-f2c93fb\" data-id=\"f2c93fb\" data-element_type=\"column\" data-e-type=\"column\">\n\t\t\t<div class=\"elementor-widget-wrap elementor-element-populated\">\n\t\t\t\t\t\t<div class=\"elementor-element elementor-element-26ece83 elementor-widget elementor-widget-heading\" data-id=\"26ece83\" data-element_type=\"widget\" data-e-type=\"widget\" data-widget_type=\"heading.default\">\n\t\t\t\t<div class=\"elementor-widget-container\">\n\t\t\t\t\t<h2 class=\"elementor-heading-title elementor-size-default\">Datenschutzerkl\u00e4rung<\/h2>\t\t\t\t<\/div>\n\t\t\t\t<\/div>\n\t\t\t\t<div class=\"elementor-element elementor-element-12e2158 elementor-widget elementor-widget-text-editor\" data-id=\"12e2158\" data-element_type=\"widget\" data-e-type=\"widget\" data-widget_type=\"text-editor.default\">\n\t\t\t\t<div class=\"elementor-widget-container\">\n\t\t\t\t\t\t\t\t\t<p>Personenbezogene Daten (nachfolgend zumeist nur \u201eDaten\u201c genannt) werden von uns nur im Rahmen der Erforderlichkeit sowie zum Zwecke der Bereitstellung eines funktionsf\u00e4higen und nutzerfreundlichen Internetauftritts, inklusive seiner Inhalte und der dort angebotenen Leistungen, verarbeitet.<\/p><p>Gem\u00e4\u00df Art. 4 Ziffer 1. der Verordnung (EU) 2016\/679, also der Datenschutz-Grundverordnung (nachfolgend nur \u201eDSGVO\u201c genannt), gilt als \u201eVerarbeitung\u201c jeder mit oder ohne Hilfe automatisierter Verfahren ausgef\u00fchrter Vorgang oder jede solche Vorgangsreihe im Zusammenhang mit personenbezogenen Daten, wie das Erheben, das Erfassen, die Organisation, das Ordnen, die Speicherung, die Anpassung oder Ver\u00e4nderung, das Auslesen, das Abfragen, die Verwendung, die Offenlegung durch \u00dcbermittlung, Verbreitung oder eine andere Form der Bereitstellung, den Abgleich oder die Verkn\u00fcpfung, die Einschr\u00e4nkung, das L\u00f6schen oder die Vernichtung.<\/p><p>Mit der nachfolgenden Datenschutzerkl\u00e4rung informieren wir Sie insbesondere \u00fcber Art, Umfang, Zweck, Dauer und Rechtsgrundlage der Verarbeitung personenbezogener Daten, soweit wir entweder allein oder gemeinsam mit anderen \u00fcber die Zwecke und Mittel der Verarbeitung entscheiden. Zudem informieren wir Sie nachfolgend \u00fcber die von uns zu Optimierungszwecken sowie zur Steigerung der Nutzungsqualit\u00e4t eingesetzten Fremdkomponenten, soweit hierdurch Dritte Daten in wiederum eigener Verantwortung verarbeiten.<\/p><p>Unsere Datenschutzerkl\u00e4rung ist wie folgt gegliedert:<\/p><p>I. Informationen \u00fcber uns als Verantwortliche<br \/>II. Rechte der Nutzer und Betroffenen<br \/>III. Informationen zur Datenverarbeitung<\/p>\t\t\t\t\t\t\t\t<\/div>\n\t\t\t\t<\/div>\n\t\t\t\t<div class=\"elementor-element elementor-element-bbf51b1 elementor-widget elementor-widget-text-editor\" data-id=\"bbf51b1\" data-element_type=\"widget\" data-e-type=\"widget\" data-widget_type=\"text-editor.default\">\n\t\t\t\t<div class=\"elementor-widget-container\">\n\t\t\t\t\t\t\t\t\t<h4>I. Informationen \u00fcber uns als Verantwortliche<\/h4>\t\t\t\t\t\t\t\t<\/div>\n\t\t\t\t<\/div>\n\t\t\t\t<div class=\"elementor-element elementor-element-b2499ff elementor-widget elementor-widget-text-editor\" data-id=\"b2499ff\" data-element_type=\"widget\" data-e-type=\"widget\" data-widget_type=\"text-editor.default\">\n\t\t\t\t<div class=\"elementor-widget-container\">\n\t\t\t\t\t\t\t\t\t<p>Verantwortlicher Anbieter dieses Internetauftritts im datenschutzrechtlichen Sinne ist:<\/p><p>Kantine der Stadt Leipzig<br \/>c\/o Ratskeller der Stadt Leipzig GmbH<br \/>Lotterstra\u00dfe 1<br \/>04109 Leipzig<br \/>Deutschland<\/p><p>Telefon: 0341 \u2013 123 62 04<br \/>Telefax: 0341 \u2013 123 62 04<br \/>E-Mail: <a href=\"mailto:info@kantine-leipzig.de\">info@kantine-leipzig.de<\/a><\/p><p>Datenschutzbeauftragte\/r beim Anbieter ist:<\/p><p>Ronny Dargies<br \/>Lotterstra\u00dfe 1<br \/>04109 Leipzig<br \/>Telefon: 0341 \u2013 12 34 56 7<br \/>E-Mail: datenschutz@ratskeller-leipzig.de<\/p>\t\t\t\t\t\t\t\t<\/div>\n\t\t\t\t<\/div>\n\t\t\t\t<div class=\"elementor-element elementor-element-e2900b6 elementor-widget elementor-widget-text-editor\" data-id=\"e2900b6\" data-element_type=\"widget\" data-e-type=\"widget\" data-widget_type=\"text-editor.default\">\n\t\t\t\t<div class=\"elementor-widget-container\">\n\t\t\t\t\t\t\t\t\t<h3>II. Rechte der Nutzer und Betroffenen<\/h3>\t\t\t\t\t\t\t\t<\/div>\n\t\t\t\t<\/div>\n\t\t\t\t<div class=\"elementor-element elementor-element-88ebef6 elementor-widget elementor-widget-text-editor\" data-id=\"88ebef6\" data-element_type=\"widget\" data-e-type=\"widget\" data-widget_type=\"text-editor.default\">\n\t\t\t\t<div class=\"elementor-widget-container\">\n\t\t\t\t\t\t\t\t\t<p>Mit Blick auf die nachfolgend noch n\u00e4her beschriebene Datenverarbeitung haben die Nutzer und Betroffenen das Recht<\/p><ul class=\"wp-block-list\"><li>auf Best\u00e4tigung, ob sie betreffende Daten verarbeitet werden, auf<br \/>Auskunft \u00fcber die verarbeiteten Daten, auf weitere Informationen \u00fcber<br \/>die Datenverarbeitung sowie auf Kopien der Daten (vgl. auch <a title=\"Art. 15 DSGVO: Auskunftsrecht der betroffenen Person\" href=\"http:\/\/dejure.org\/gesetze\/DSGVO\/15.html\" target=\"_blank\" rel=\"noopener\">Art. 15 DSGVO<\/a>);<\/li><li>auf Berichtigung oder Vervollst\u00e4ndigung unrichtiger bzw. unvollst\u00e4ndiger Daten (vgl. auch <a title=\"Art. 16 DSGVO: Recht auf Berichtigung\" href=\"http:\/\/dejure.org\/gesetze\/DSGVO\/16.html\" target=\"_blank\" rel=\"noopener\">Art. 16 DSGVO<\/a>);<\/li><li>auf unverz\u00fcgliche L\u00f6schung der sie betreffenden Daten (vgl. auch <a title=\"Art. 17 DSGVO: Recht auf L\u00f6schung (&quot;Recht auf Vergessenwerden&quot;)\" href=\"http:\/\/dejure.org\/gesetze\/DSGVO\/17.html\" target=\"_blank\" rel=\"noopener\">Art. 17 DSGVO<\/a>), oder, alternativ, soweit eine weitere Verarbeitung gem\u00e4\u00df <a title=\"Art. 17 DSGVO: Recht auf L\u00f6schung (&quot;Recht auf Vergessenwerden&quot;)\" href=\"http:\/\/dejure.org\/gesetze\/DSGVO\/17.html\" target=\"_blank\" rel=\"noopener\">Art. 17 Abs. 3 DSGVO<\/a> erforderlich ist, auf Einschr\u00e4nkung der Verarbeitung nach Ma\u00dfgabe von <a title=\"Art. 18 DSGVO: Recht auf Einschr\u00e4nkung der Verarbeitung\" href=\"http:\/\/dejure.org\/gesetze\/DSGVO\/18.html\" target=\"_blank\" rel=\"noopener\">Art. 18 DSGVO<\/a>;<\/li><li>auf Erhalt der sie betreffenden und von ihnen bereitgestellten<br \/>Daten und auf \u00dcbermittlung dieser Daten an andere<br \/>Anbieter\/Verantwortliche (vgl. auch <a title=\"Art. 20 DSGVO: Recht auf Daten\u00fcbertragbarkeit\" href=\"http:\/\/dejure.org\/gesetze\/DSGVO\/20.html\" target=\"_blank\" rel=\"noopener\">Art. 20 DSGVO<\/a>);<\/li><li>auf Beschwerde gegen\u00fcber der Aufsichtsbeh\u00f6rde, sofern sie der<br \/>Ansicht sind, dass die sie betreffenden Daten durch den Anbieter unter<br \/>Versto\u00df gegen datenschutzrechtliche Bestimmungen verarbeitet werden<br \/>(vgl. auch <a title=\"Art. 77 DSGVO: Recht auf Beschwerde bei einer Aufsichtsbeh\u00f6rde\" href=\"http:\/\/dejure.org\/gesetze\/DSGVO\/77.html\" target=\"_blank\" rel=\"noopener\">Art. 77 DSGVO<\/a>).<\/li><\/ul><p>Dar\u00fcber hinaus ist der Anbieter dazu verpflichtet, alle Empf\u00e4nger,\u00a0denen gegen\u00fcber Daten durch den Anbieter offengelegt worden sind, \u00fcber jedwede Berichtigung oder L\u00f6schung von Daten oder die Einschr\u00e4nkung der Verarbeitung, die aufgrund der <a title=\"Art. 16 DSGVO: Recht auf Berichtigung\" href=\"http:\/\/dejure.org\/gesetze\/DSGVO\/16.html\" target=\"_blank\" rel=\"noopener\">Artikel 16<\/a>, <a title=\"Art. 17 DSGVO: Recht auf L\u00f6schung (&quot;Recht auf Vergessenwerden&quot;)\" href=\"http:\/\/dejure.org\/gesetze\/DSGVO\/17.html\" target=\"_blank\" rel=\"noopener\">17 Abs. 1<\/a>, <a title=\"Art. 18 DSGVO: Recht auf Einschr\u00e4nkung der Verarbeitung\" href=\"http:\/\/dejure.org\/gesetze\/DSGVO\/18.html\" target=\"_blank\" rel=\"noopener\">18 DSGVO<\/a>\u00a0erfolgt, zu unterrichten. Diese Verpflichtung besteht jedoch nicht, soweit diese Mitteilung unm\u00f6glich oder mit einem unverh\u00e4ltnism\u00e4\u00dfigen Aufwand verbunden ist. Unbeschadet dessen hat der Nutzer ein Recht auf Auskunft \u00fcber diese Empf\u00e4nger.<\/p><p><strong>Ebenfalls haben die Nutzer und Betroffenen nach <a title=\"Art. 21 DSGVO: Widerspruchsrecht\" href=\"http:\/\/dejure.org\/gesetze\/DSGVO\/21.html\" target=\"_blank\" rel=\"noopener\">Art. 21 DSGVO<\/a> das Recht auf Widerspruch gegen die k\u00fcnftige Verarbeitung der sie betreffenden Daten, sofern die Daten durch den Anbieter nach Ma\u00dfgabe von <a title=\"Art. 6 DSGVO: Rechtm\u00e4\u00dfigkeit der Verarbeitung\" href=\"http:\/\/dejure.org\/gesetze\/DSGVO\/6.html\" target=\"_blank\" rel=\"noopener\">Art. 6 Abs. 1 lit. f) DSGVO<\/a> verarbeitet werden. Insbesondere ist ein Widerspruch gegen die Datenverarbeitung zum Zwecke der Direktwerbung statthaft.<\/strong><\/p>\t\t\t\t\t\t\t\t<\/div>\n\t\t\t\t<\/div>\n\t\t\t\t<div class=\"elementor-element elementor-element-516d200 elementor-widget elementor-widget-text-editor\" data-id=\"516d200\" data-element_type=\"widget\" data-e-type=\"widget\" data-widget_type=\"text-editor.default\">\n\t\t\t\t<div class=\"elementor-widget-container\">\n\t\t\t\t\t\t\t\t\t<h3>III. Informationen zur Datenverarbeitung<\/h3>\t\t\t\t\t\t\t\t<\/div>\n\t\t\t\t<\/div>\n\t\t\t\t<div class=\"elementor-element elementor-element-f56a45f elementor-widget elementor-widget-text-editor\" data-id=\"f56a45f\" data-element_type=\"widget\" data-e-type=\"widget\" data-widget_type=\"text-editor.default\">\n\t\t\t\t<div class=\"elementor-widget-container\">\n\t\t\t\t\t\t\t\t\t<p>Ihre bei Nutzung unseres Internetauftritts verarbeiteten Daten werden gel\u00f6scht oder gesperrt, sobald der Zweck der Speicherung entf\u00e4llt, der L\u00f6schung der Daten keine gesetzlichen Aufbewahrungspflichten entgegenstehen und nachfolgend keine anderslautenden Angaben zu einzelnen Verarbeitungsverfahren gemacht werden.<\/p>\n<h4 class=\"jet-listing-dynamic-field__content\">Cookie Manager<\/h4>\n<p>Zur Einholung einer Einwilligung zum Einsatz von technisch nicht notwendigen Cookies auf der Website, setzt der Anbieter einen Cookie-Manager ein.<\/p>\n<p>Bei dem Aufruf der Website wird ein Cookie mit den Einstellungsinformationen auf dem Endger\u00e4t des Nutzers abgelegt, sodass bei einem weiteren Besuch die Abfrage in Bezug auf die Einwilligung nicht erfolgen muss.<\/p>\n<p>Das Cookie ist erforderlich um eine rechtskonforme Einwilligung des Nutzers einzuholen.<\/p>\n<p>Die Installation der Cookies kann der Nutzer durch Einstellungen seines Browsers verhindern bzw. beenden.<\/p>\n<h4 class=\"jet-listing-dynamic-field__content\">Cookies<\/h4>\n<h5>a) Sitzungs-Cookies\/Session-Cookies<\/h5>\n<p>Wir verwenden mit unserem Internetauftritt sog. Cookies. Cookies sind kleine Textdateien oder andere Speichertechnologien, die durch den von Ihnen eingesetzten Internet-Browser auf Ihrem Endger\u00e4t ablegt und gespeichert werden. Durch diese Cookies werden im individuellen Umfang bestimmte Informationen von Ihnen, wie beispielsweise Ihre Browser- oder Standortdaten oder Ihre IP-Adresse, verarbeitet.<\/p>\n<p>Durch diese Verarbeitung wird unser Internetauftritt benutzerfreundlicher, effektiver und sicherer, da die Verarbeitung bspw. die Wiedergabe unseres Internetauftritts in unterschiedlichen Sprachen oder das Angebot einer Warenkorbfunktion erm\u00f6glicht.<\/p>\n<p>Rechtsgrundlage dieser Verarbeitung ist Art. 6 Abs. 1 lit b.) DSGVO, sofern diese Cookies Daten zur Vertragsanbahnung oder Vertragsabwicklung verarbeitet werden.<\/p>\n<p>Falls die Verarbeitung nicht der Vertragsanbahnung oder Vertragsabwicklung dient, liegt unser berechtigtes Interesse in der Verbesserung der Funktionalit\u00e4t unseres Internetauftritts. Rechtsgrundlage ist in dann <a title=\"Art. 6 DSGVO: Rechtm\u00e4\u00dfigkeit der Verarbeitung\" href=\"http:\/\/dejure.org\/gesetze\/DSGVO\/6.html\" target=\"_blank\" rel=\"noopener\">Art. 6 Abs. 1 lit. f) DSGVO<\/a>.<\/p>\n<p>Mit Schlie\u00dfen Ihres Internet-Browsers werden diese Session-Cookies gel\u00f6scht.<\/p>\n<h5>b) Drittanbieter-Cookies<\/h5>\n<p>Gegebenenfalls werden mit unserem Internetauftritt auch Cookies von Partnerunternehmen, mit denen wir zum Zwecke der Werbung, der Analyse oder der Funktionalit\u00e4ten unseres Internetauftritts zusammenarbeiten, verwendet.<\/p>\n<p>Die Einzelheiten hierzu, insbesondere zu den Zwecken und den Rechtsgrundlagen der Verarbeitung solcher Drittanbieter-Cookies, entnehmen Sie bitte den nachfolgenden Informationen.<\/p>\n<h5>c) Beseitigungsm\u00f6glichkeit<\/h5>\n<p>Sie k\u00f6nnen die Installation der Cookies durch eine Einstellung Ihres Internet-Browsers verhindern oder einschr\u00e4nken. Ebenfalls k\u00f6nnen Sie bereits gespeicherte Cookies jederzeit l\u00f6schen. Die hierf\u00fcr erforderlichen Schritte und Ma\u00dfnahmen h\u00e4ngen jedoch von Ihrem konkret genutzten Internet-Browser ab. Bei Fragen benutzen Sie daher bitte die Hilfefunktion oder Dokumentation Ihres Internet-Browsers oder wenden sich an dessen Hersteller bzw. Support. Bei sog. Flash-Cookies kann die Verarbeitung allerdings nicht \u00fcber die Einstellungen des Browsers unterbunden werden. Stattdessen m\u00fcssen Sie insoweit die Einstellung Ihres Flash-Players \u00e4ndern. Auch die hierf\u00fcr erforderlichen Schritte und Ma\u00dfnahmen h\u00e4ngen von Ihrem konkret genutzten Flash-Player ab. Bei Fragen benutzen Sie daher bitte ebenso die Hilfefunktion oder Dokumentation Ihres Flash-Players oder wenden sich an den Hersteller bzw. Benutzer-Support.<\/p>\n<p>Sollten Sie die Installation der Cookies verhindern oder einschr\u00e4nken, kann dies allerdings dazu f\u00fchren, dass nicht s\u00e4mtliche Funktionen unseres Internetauftritts vollumf\u00e4nglich nutzbar sind.<\/p>\n<h4 class=\"jet-listing-dynamic-field__content\">Kontaktanfragen \/ Kontaktm\u00f6glichkeit<\/h4>\n<p>Sofern Sie per Kontaktformular oder E-Mail mit uns in Kontakt treten, werden die dabei von Ihnen angegebenen Daten zur Bearbeitung Ihrer Anfrage genutzt. Die Angabe der Daten ist zur Bearbeitung und Beantwortung Ihre Anfrage erforderlich \u2013 ohne deren Bereitstellung k\u00f6nnen wir Ihre Anfrage nicht oder allenfalls eingeschr\u00e4nkt beantworten.<\/p>\n<p>Rechtsgrundlage f\u00fcr diese Verarbeitung ist <a title=\"Art. 6 DSGVO: Rechtm\u00e4\u00dfigkeit der Verarbeitung\" href=\"http:\/\/dejure.org\/gesetze\/DSGVO\/6.html\" target=\"_blank\" rel=\"noopener\">Art. 6 Abs. 1 lit. b) DSGVO<\/a>.<\/p>\n<p>Ihre Daten werden gel\u00f6scht, sofern Ihre Anfrage abschlie\u00dfend beantwortet worden ist und der L\u00f6schung keine gesetzlichen Aufbewahrungspflichten entgegenstehen, wie bspw. bei einer sich etwaig anschlie\u00dfenden Vertragsabwicklung.<\/p>\n<h4 class=\"jet-listing-dynamic-field__content\">Nutzerbeitr\u00e4ge, Kommentare und Bewertungen<\/h4>\n<p>Wir bieten Ihnen an, auf unseren Internetseiten Fragen, Antworten, Meinungen oder Bewertungen, nachfolgend nur \u201eBeitr\u00e4ge genannt, zu ver\u00f6ffentlichen. Sofern Sie dieses Angebot in Anspruch nehmen, verarbeiten und ver\u00f6ffentlichen wir Ihren Beitrag, Datum und Uhrzeit der Einreichung sowie das von Ihnen ggf. genutzte Pseudonym.<\/p>\n<p>Rechtsgrundlage hierbei ist <a title=\"Art. 6 DSGVO: Rechtm\u00e4\u00dfigkeit der Verarbeitung\" href=\"http:\/\/dejure.org\/gesetze\/DSGVO\/6.html\" target=\"_blank\" rel=\"noopener\">Art. 6 Abs. 1 lit. a) DSGVO<\/a>. Die Einwilligung k\u00f6nnen Sie gem\u00e4\u00df <a title=\"Art. 7 DSGVO: Bedingungen f\u00fcr die Einwilligung\" href=\"http:\/\/dejure.org\/gesetze\/DSGVO\/7.html\" target=\"_blank\" rel=\"noopener\">Art. 7 Abs. 3 DSGVO<\/a> jederzeit mit Wirkung f\u00fcr die Zukunft widerrufen. Hierzu m\u00fcssen Sie uns lediglich \u00fcber Ihren Widerruf in Kenntnis setzen.<\/p>\n<p>Dar\u00fcber hinaus verarbeiten wir auch Ihre IP- und E-Mail-Adresse. Die IP-Adresse wird verarbeitet, weil wir ein berechtigtes Interesse daran haben, weitere Schritte einzuleiten oder zu unterst\u00fctzen, sofern Ihr Beitrag in Rechte Dritter eingreift und\/oder er sonst wie rechtswidrig erfolgt.<\/p>\n<p>Rechtsgrundlage ist in diesem Fall <a title=\"Art. 6 DSGVO: Rechtm\u00e4\u00dfigkeit der Verarbeitung\" href=\"http:\/\/dejure.org\/gesetze\/DSGVO\/6.html\" target=\"_blank\" rel=\"noopener\">Art. 6 Abs. 1 lit. f) DSGVO<\/a>. Unser berechtigtes Interesse liegt in der ggf. notwendigen Rechtsverteidigung.<\/p>\n<h4 class=\"jet-listing-dynamic-field__content\">Online-Stellenbewerbungen \/ Ver\u00f6ffentlichung von Stellenanzeigen<\/h4>\n<p>Wir bieten Ihnen die M\u00f6glichkeit an, sich bei uns \u00fcber unseren Internetauftritt bewerben zu k\u00f6nnen. Bei diesen digitalen Bewerbungen werden Ihre Bewerber- und Bewerbungsdaten von uns zur Abwicklung des Bewerbungsverfahrens elektronisch erhoben und verarbeitet.<\/p>\n<p>Rechtsgrundlage f\u00fcr diese Verarbeitung ist <a title=\"\u00a7 26 BDSG: Datenverarbeitung f\u00fcr Zwecke des Besch\u00e4ftigungsverh\u00e4ltnisses\" href=\"http:\/\/dejure.org\/gesetze\/BDSG\/26.html\" target=\"_blank\" rel=\"noopener\">\u00a7 26 Abs. 1 S. 1 BDSG<\/a> i.V.m. <a title=\"Art. 88 DSGVO: Datenverarbeitung im Besch\u00e4ftigungskontext\" href=\"http:\/\/dejure.org\/gesetze\/DSGVO\/88.html\" target=\"_blank\" rel=\"noopener\">Art. 88 Abs. 1 DSGVO<\/a>.<\/p>\n<p>Sofern nach dem Bewerbungsverfahren ein Arbeitsvertrag geschlossen wird, speichern wir Ihre bei der Bewerbung \u00fcbermittelten Daten in Ihrer Personalakte zum Zwecke des \u00fcblichen Organisations- und Verwaltungsprozesses \u2013 dies nat\u00fcrlich unter Beachtung der weitergehenden rechtlichen Verpflichtungen.<\/p>\n<p>Rechtsgrundlage f\u00fcr diese Verarbeitung ist ebenfalls <a title=\"\u00a7 26 BDSG: Datenverarbeitung f\u00fcr Zwecke des Besch\u00e4ftigungsverh\u00e4ltnisses\" href=\"http:\/\/dejure.org\/gesetze\/BDSG\/26.html\" target=\"_blank\" rel=\"noopener\">\u00a7 26 Abs. 1 S. 1 BDSG<\/a> i.V.m. <a title=\"Art. 88 DSGVO: Datenverarbeitung im Besch\u00e4ftigungskontext\" href=\"http:\/\/dejure.org\/gesetze\/DSGVO\/88.html\" target=\"_blank\" rel=\"noopener\">Art. 88 Abs. 1 DSGVO<\/a>.<\/p>\n<p>Bei der Zur\u00fcckweisung einer Bewerbung l\u00f6schen wir die uns \u00fcbermittelten Daten automatisch zwei Monate nach der Bekanntgabe der Zur\u00fcckweisung. Die L\u00f6schung erfolgt jedoch nicht, wenn die Daten aufgrund gesetzlicher Bestimmungen, bspw. wegen der Beweispflichten nach dem AGG, eine l\u00e4ngere Speicherung von bis zu vier Monaten oder bis zum Abschluss eines gerichtlichen Verfahrens erfordern.<\/p>\n<p>Rechtsgrundlage ist in diesem Fall <a title=\"Art. 6 DSGVO: Rechtm\u00e4\u00dfigkeit der Verarbeitung\" href=\"http:\/\/dejure.org\/gesetze\/DSGVO\/6.html\" target=\"_blank\" rel=\"noopener\">Art. 6 Abs. 1 lit. f) DSGVO<\/a> und <a title=\"\u00a7 24 BDSG: Verarbeitung zu anderen Zwecken durch nicht\u00f6ffentliche Stellen\" href=\"http:\/\/dejure.org\/gesetze\/BDSG\/24.html\" target=\"_blank\" rel=\"noopener\">\u00a7 24 Abs. 1 Nr. 2 BDSG<\/a>. Unser berechtigtes Interesse liegt in der Rechtsverteidigung bzw. -durchsetzung.<\/p>\n<p>Sofern Sie ausdr\u00fccklich in eine l\u00e4ngere Speicherung Ihrer Daten einwilligen, bspw. f\u00fcr Ihre Aufnahme in eine Bewerber- oder Interessentendatenbank, werden die Daten aufgrund Ihrer Einwilligung weiterverarbeitet. Rechtsgrundlage ist dann <a title=\"Art. 6 DSGVO: Rechtm\u00e4\u00dfigkeit der Verarbeitung\" href=\"http:\/\/dejure.org\/gesetze\/DSGVO\/6.html\" target=\"_blank\" rel=\"noopener\">Art. 6 Abs. 1 lit. a) DSGVO<\/a>. Ihre Einwilligung k\u00f6nnen Sie aber nat\u00fcrlich jederzeit nach <a title=\"Art. 7 DSGVO: Bedingungen f\u00fcr die Einwilligung\" href=\"http:\/\/dejure.org\/gesetze\/DSGVO\/7.html\" target=\"_blank\" rel=\"noopener\">Art. 7 Abs. 3 DSGVO<\/a> durch Erkl\u00e4rung uns gegen\u00fcber mit Wirkung f\u00fcr die Zukunft widerrufen.<\/p>\n<h4 class=\"jet-listing-dynamic-field__content\">Pr\u00fcfung von Bonit\u00e4t und Scoring<\/h4>\n<p>Soweit wir Ihnen im Rahmen unseres Waren- oder Dienstleistungsangebots die grunds\u00e4tzliche M\u00f6glichkeit einer Bezahlung per Rechnung er\u00f6ffnen und Sie hiervon Gebrauch machen, behalten wir uns vor, bei einer Auskunftei (wie bspw. Creditreform, Schufa, B\u00fcrgel oder infoscore) eine Bonit\u00e4tsauskunft auf der Basis mathematisch-statistischer Verfahren einzuholen. Hierzu werden Ihre Daten, soweit sie vertragserheblich sind, wie bspw. Ihren Namen und Ihre Anschrift, an die Auskunftei weiterleiten. Die anschlie\u00dfende Auskunft \u00fcber die statistische Wahrscheinlichkeit eines Zahlungsausfalls verwenden wir f\u00fcr unsere Entscheidung, ob wir Ihnen die Bezahlung per Rechnung anbieten.<\/p>\n<p>Rechtsgrundlage f\u00fcr diese Verarbeitung ist unser berechtigtes Interesse an der Ausfallsicherheit der Forderung gem. <a title=\"Art. 6 DSGVO: Rechtm\u00e4\u00dfigkeit der Verarbeitung\" href=\"http:\/\/dejure.org\/gesetze\/DSGVO\/6.html\" target=\"_blank\" rel=\"noopener\">Art. 6 Abs.1 lit. f) DSGVO<\/a>.<\/p>\n<h4 class=\"jet-listing-dynamic-field__content\">Serverdaten<\/h4>\n<p>Aus technischen Gr\u00fcnden, insbesondere zur Gew\u00e4hrleistung eines sicheren und stabilen Internetauftritts, werden Daten durch Ihren Internet-Browser an uns bzw. an unseren Webspace-Provider \u00fcbermittelt. Mit diesen sog. Server-Logfiles werden u.a. Typ und Version Ihres Internetbrowsers, das Betriebssystem, die Website, von der aus Sie auf unseren Internetauftritt gewechselt haben (Referrer URL), die Website(s) unseres Internetauftritts, die Sie besuchen, Datum und Uhrzeit des jeweiligen Zugriffs sowie die IP-Adresse des Internetanschlusses, von dem aus die Nutzung unseres Internetauftritts erfolgt, erhoben.<\/p>\n<p>Diese so erhobenen Daten werden vorr\u00fcbergehend gespeichert, dies jedoch nicht gemeinsam mit anderen Daten von Ihnen.<\/p>\n<p>Diese Speicherung erfolgt auf der Rechtsgrundlage von <a title=\"Art. 6 DSGVO: Rechtm\u00e4\u00dfigkeit der Verarbeitung\" href=\"http:\/\/dejure.org\/gesetze\/DSGVO\/6.html\" target=\"_blank\" rel=\"noopener\">Art. 6 Abs. 1 lit. f) DSGVO<\/a>. Unser berechtigtes Interesse liegt in der Verbesserung, Stabilit\u00e4t, Funktionalit\u00e4t und Sicherheit unseres Internetauftritts.<\/p>\n<p>Die Daten werden sp\u00e4testens nach sieben Tage wieder gel\u00f6scht, soweit keine weitere Aufbewahrung zu Beweiszwecken erforderlich ist. Andernfalls sind die Daten bis zur endg\u00fcltigen Kl\u00e4rung eines Vorfalls ganz oder teilweise von der L\u00f6schung ausgenommen.<\/p>\n<h4 class=\"jet-listing-dynamic-field__content\">Vertragsabwicklung<\/h4>\n<p>Die von Ihnen zur Inanspruchnahme unseres Waren- und\/oder Dienstleistungsangebots \u00fcbermittelten Daten werden von uns zum Zwecke der Vertragsabwicklung verarbeitet und sind insoweit erforderlich. Vertragsschluss und Vertragsabwicklung sind ohne Bereitstellung Ihrer Daten nicht m\u00f6glich.<\/p>\n<p>Rechtsgrundlage f\u00fcr die Verarbeitung ist <a title=\"Art. 6 DSGVO: Rechtm\u00e4\u00dfigkeit der Verarbeitung\" href=\"http:\/\/dejure.org\/gesetze\/DSGVO\/6.html\" target=\"_blank\" rel=\"noopener\">Art. 6 Abs. 1 lit. b) DSGVO<\/a>.<\/p>\n<p>Wir l\u00f6schen die Daten mit vollst\u00e4ndiger Vertragsabwicklung, m\u00fcssen dabei aber die steuer- und handelsrechtlichen Aufbewahrungsfristen beachten.<\/p>\n<p>Im Rahmen der Vertragsabwicklung geben wir Ihre Daten an das mit der Warenlieferung beauftragte Transportunternehmen oder an den Finanzdienstleister weiter, soweit die Weitergabe zur Warenauslieferung oder zu Bezahlzwecken erforderlich ist.<\/p>\n<p>Rechtsgrundlage f\u00fcr die Weitergabe der Daten ist dann <a title=\"Art. 6 DSGVO: Rechtm\u00e4\u00dfigkeit der Verarbeitung\" href=\"http:\/\/dejure.org\/gesetze\/DSGVO\/6.html\" target=\"_blank\" rel=\"noopener\">Art. 6 Abs. 1 lit. b) DSGVO<\/a>.<\/p>\n<h4 class=\"jet-listing-dynamic-field__content\">Facebook<\/h4>\n<p>Zur Bewerbung unserer Produkte und Leistungen sowie zur Kommunikation mit Interessenten oder Kunden betreiben wir eine Firmenpr\u00e4senz auf der Plattform Facebook.<\/p>\n<p>Auf dieser Social-Media-Plattform sind wir gemeinsam mit der Meta Platforms Ireland Limited, 4 Grand Canal Square, Dublin 2, Irland, verantwortlich.<\/p>\n<p>Der Datenschutzbeauftragte von Facebook kann \u00fcber ein Kontaktformular erreicht werden:<\/p>\n<p><a href=\"https:\/\/www.facebook.com\/help\/contact\/540977946302970\" target=\"_blank\" rel=\"nofollow noopener\">https:\/\/www.facebook.com\/help\/contact\/540977946302970<\/a><\/p>\n<p>Die gemeinsame Verantwortlichkeit haben wir in einer Vereinbarung bez\u00fcglich der jeweiligen Verpflichtungen im Sinne der DSGVO geregelt. Diese Vereinbarung, aus der sich die gegenseitigen Verpflichtungen ergeben, ist unter dem folgenden Link abrufbar:<\/p>\n<p><a href=\"https:\/\/www.facebook.com\/legal\/terms\/page_controller_addendum\" target=\"_blank\" rel=\"nofollow noopener\">https:\/\/www.facebook.com\/legal\/terms\/page_controller_addendum<\/a><\/p>\n<p>Rechtsgrundlage f\u00fcr die dadurch erfolgende und nachfolgend wiedergegebene Verarbeitung von personenbezogenen Daten ist <a title=\"Art. 6 DSGVO: Rechtm\u00e4\u00dfigkeit der Verarbeitung\" href=\"http:\/\/dejure.org\/gesetze\/DSGVO\/6.html\" target=\"_blank\" rel=\"noopener\">Art. 6 Abs. 1 lit. f DSGVO<\/a>. Unser berechtigtes Interesse besteht an der Analyse, der Kommunikation sowie dem Absatz und der Bewerbung unserer Produkte und Leistungen.<\/p>\n<p>Rechtsgrundlage kann auch eine Einwilligung des Nutzers gem\u00e4\u00df <a title=\"Art. 6 DSGVO: Rechtm\u00e4\u00dfigkeit der Verarbeitung\" href=\"http:\/\/dejure.org\/gesetze\/DSGVO\/6.html\" target=\"_blank\" rel=\"noopener\">Art. 6 Abs. 1 lit. a DSGVO<\/a> gegen\u00fcber dem Plattformbetreiber sein. Die Einwilligung hierzu kann der Nutzer nach <a title=\"Art. 7 DSGVO: Bedingungen f\u00fcr die Einwilligung\" href=\"http:\/\/dejure.org\/gesetze\/DSGVO\/7.html\" target=\"_blank\" rel=\"noopener\">Art. 7 Abs. 3 DSGVO<\/a> jederzeit durch eine Mitteilung an den Plattformbetreiber f\u00fcr die Zukunft widerrufen.<\/p>\n<p>Bei dem Aufruf unseres Onlineauftritts auf der Plattform Facebook werden von der Meta Platforms Ireland Limited als Betreiberin der Plattform in der EU Daten des Nutzers (z.B. pers\u00f6nliche Informationen, IP-Adresse etc.) verarbeitet.<\/p>\n<p>Diese Daten des Nutzers dienen zu statistischen Informationen \u00fcber die Inanspruchnahme unserer Firmenpr\u00e4senz auf Facebook. Die Meta Platforms Ireland Limited nutzt diese Daten zu Marktforschungs- und Werbezwecken sowie zur Erstellung von Profilen der Nutzer. Anhand dieser Profile ist es der Meta Platforms Ireland Limited beispielsweise m\u00f6glich, die Nutzer innerhalb und au\u00dferhalb von Facebook interessenbezogen zu bewerben. Ist der Nutzer zum Zeitpunkt des Aufrufes in seinem Account auf Facebook eingeloggt, kann die Meta Platforms Ireland Limited zudem die Daten mit dem jeweiligen Nutzerkonto verkn\u00fcpfen.<\/p>\n<p>Im Falle einer Kontaktaufnahme des Nutzers \u00fcber Facebook werden die bei dieser Gelegenheit eingegebenen personenbezogenen Daten des Nutzers zur Bearbeitung der Anfrage genutzt. Die Daten des Nutzers werden bei uns gel\u00f6scht, sofern die Anfrage des Nutzers abschlie\u00dfend beantwortet wurde und keine gesetzlichen Aufbewahrungspflichten, wie z.B. bei einer anschlie\u00dfenden Vertragsabwicklung, entgegenstehen.<\/p>\n<p>Zur Verarbeitung der Daten werden von der Meta Platforms Ireland Limited ggf. auch Cookies gesetzt.<\/p>\n<p>Sollte der Nutzer mit dieser Verarbeitung nicht einverstanden sein, so besteht die M\u00f6glichkeit, die Installation der Cookies durch eine entsprechende Einstellung des Browsers zu verhindern. Bereits gespeicherte Cookies k\u00f6nnen ebenfalls jederzeit gel\u00f6scht werden. Die Einstellungen hierzu sind vom jeweiligen Browser abh\u00e4ngig. Bei Flash-Cookies l\u00e4sst sich die Verarbeitung nicht \u00fcber die Einstellungen des Browsers unterbinden, sondern durch die entsprechende Einstellung des Flash-Players. Sollte der Nutzer die Installation der Cookies verhindern oder einschr\u00e4nken, kann dies dazu f\u00fchren, dass nicht s\u00e4mtliche Funktionen von Facebook vollumf\u00e4nglich nutzbar sind.<\/p>\n<p>N\u00e4heres zu den Verarbeitungst\u00e4tigkeiten, deren Unterbindung und zur L\u00f6schung der von Facebook verarbeiteten Daten finden sich in der Datenrichtlinie von Facebook:<\/p>\n<p><a href=\"https:\/\/www.facebook.com\/privacy\/explanation\" target=\"_blank\" rel=\"nofollow noopener\">https:\/\/www.facebook.com\/privacy\/explanation<\/a><\/p>\n<p>Es ist nicht ausgeschlossen, dass die Verarbeitung durch die Meta Platforms Ireland Limited auch \u00fcber die Meta Platforms, Inc., 1601 Willow Road, Menlo Park, California 94025 in den USA erfolgt.<\/p>\n<h4 class=\"jet-listing-dynamic-field__content\">Instagram<\/h4>\n<p>Zur Bewerbung unserer Produkte und Leistungen sowie zur Kommunikation mit Interessenten oder Kunden betreiben wir eine Firmenpr\u00e4senz auf der Plattform Instagram.<\/p>\n<p>Auf dieser Social-Media-Plattform sind wir gemeinsam mit der Meta Platforms Ireland Limited, 4 Grand Canal Square, Dublin 2, Irland, verantwortlich.<\/p>\n<p>Der Datenschutzbeauftragte von Instagram kann \u00fcber ein Kontaktformular erreicht werden:<\/p>\n<p><a href=\"https:\/\/www.facebook.com\/help\/contact\/540977946302970\" target=\"_blank\" rel=\"nofollow noopener\">https:\/\/www.facebook.com\/help\/contact\/540977946302970<\/a><\/p>\n<p>Die gemeinsame Verantwortlichkeit haben wir in einer Vereinbarung bez\u00fcglich der jeweiligen Verpflichtungen im Sinne der DSGVO geregelt. Diese Vereinbarung, aus der sich die gegenseitigen Verpflichtungen ergeben, ist unter dem folgenden Link abrufbar:<\/p>\n<p><a href=\"https:\/\/www.facebook.com\/legal\/terms\/page_controller_addendum\" target=\"_blank\" rel=\"nofollow noopener\">https:\/\/www.facebook.com\/legal\/terms\/page_controller_addendum<\/a><\/p>\n<p>Rechtsgrundlage f\u00fcr die dadurch erfolgende und nachfolgend wiedergegebene Verarbeitung von personenbezogenen Daten ist <a title=\"Art. 6 DSGVO: Rechtm\u00e4\u00dfigkeit der Verarbeitung\" href=\"http:\/\/dejure.org\/gesetze\/DSGVO\/6.html\" target=\"_blank\" rel=\"noopener\">Art. 6 Abs. 1 lit. f DSGVO<\/a>. Unser berechtigtes Interesse besteht an der Analyse, der Kommunikation sowie dem Absatz und der Bewerbung unserer Produkte und Leistungen.<\/p>\n<p>Rechtsgrundlage kann auch eine Einwilligung des Nutzers gem\u00e4\u00df <a title=\"Art. 6 DSGVO: Rechtm\u00e4\u00dfigkeit der Verarbeitung\" href=\"http:\/\/dejure.org\/gesetze\/DSGVO\/6.html\" target=\"_blank\" rel=\"noopener\">Art. 6 Abs. 1 lit. a DSGVO<\/a> gegen\u00fcber dem Plattformbetreiber sein. Die Einwilligung hierzu kann der Nutzer nach <a title=\"Art. 7 DSGVO: Bedingungen f\u00fcr die Einwilligung\" href=\"http:\/\/dejure.org\/gesetze\/DSGVO\/7.html\" target=\"_blank\" rel=\"noopener\">Art. 7 Abs. 3 DSGVO<\/a> jederzeit durch eine Mitteilung an den Plattformbetreiber f\u00fcr die Zukunft widerrufen.<\/p>\n<p>Bei dem Aufruf unseres Onlineauftritts auf der Plattform Instagram werden von der Meta Platforms Ireland Limited als Betreiberin der Plattform in der EU Daten des Nutzers (z.B. pers\u00f6nliche Informationen, IP-Adresse etc.) verarbeitet.<\/p>\n<p>Diese Daten des Nutzers dienen zu statistischen Informationen \u00fcber die Inanspruchnahme unserer Firmenpr\u00e4senz auf Instagram. Die Meta Platforms Ireland Limited nutzt diese Daten zu Marktforschungs- und Werbezwecken sowie zur Erstellung von Profilen der Nutzer. Anhand dieser Profile ist es der Meta Platforms Ireland Limited beispielsweise m\u00f6glich, die Nutzer innerhalb und au\u00dferhalb von Instagram interessenbezogen zu bewerben. Ist der Nutzer zum Zeitpunkt des Aufrufes in seinem Account auf Instagram eingeloggt, kann die Meta Platforms Ireland Limited zudem die Daten mit dem jeweiligen Nutzerkonto verkn\u00fcpfen.<\/p>\n<p>Im Falle einer Kontaktaufnahme des Nutzers \u00fcber Instagram werden die bei dieser Gelegenheit eingegebenen personenbezogenen Daten des Nutzers zur Bearbeitung der Anfrage genutzt. Die Daten des Nutzers werden bei uns gel\u00f6scht, sofern die Anfrage des Nutzers abschlie\u00dfend beantwortet wurde und keine gesetzlichen Aufbewahrungspflichten, wie z.B. bei einer anschlie\u00dfenden Vertragsabwicklung, entgegenstehen.<\/p>\n<p>Zur Verarbeitung der Daten werden von der Meta Platforms Ireland Limited ggf. auch Cookies gesetzt.<\/p>\n<p>Sollte der Nutzer mit dieser Verarbeitung nicht einverstanden sein, so besteht die M\u00f6glichkeit, die Installation der Cookies durch eine entsprechende Einstellung des Browsers zu verhindern. Bereits gespeicherte Cookies k\u00f6nnen ebenfalls jederzeit gel\u00f6scht werden. Die Einstellungen hierzu sind vom jeweiligen Browser abh\u00e4ngig. Bei Flash-Cookies l\u00e4sst sich die Verarbeitung nicht \u00fcber die Einstellungen des Browsers unterbinden, sondern durch die entsprechende Einstellung des Flash-Players. Sollte der Nutzer die Installation der Cookies verhindern oder einschr\u00e4nken, kann dies dazu f\u00fchren, dass nicht s\u00e4mtliche Funktionen von Facebook vollumf\u00e4nglich nutzbar sind.<\/p>\n<p>N\u00e4heres zu den Verarbeitungst\u00e4tigkeiten, deren Unterbindung und zur L\u00f6schung der von Instagram verarbeiteten Daten finden sich in der Datenrichtlinie von Instagram:<\/p>\n<p><a href=\"https:\/\/help.instagram.com\/519522125107875\" target=\"_blank\" rel=\"nofollow noopener\">https:\/\/help.instagram.com\/519522125107875<\/a><\/p>\n<p>Es ist nicht ausgeschlossen, dass die Verarbeitung durch die Meta Platforms Ireland Limited auch \u00fcber die Meta Platforms, Inc., 1601 Willow Road, Menlo Park, California 94025 in den USA erfolgt.<\/p>\n<h4 class=\"jet-listing-dynamic-field__content\">facebook<\/h4>\n<p>Meta Platforms Ireland Limited, 4 Grand Canal Square, Dublin 2, Irland.<\/p>\n<p>Datenschutzerkl\u00e4rung:&nbsp;<a href=\"https:\/\/www.facebook.com\/policy.php\" target=\"_blank\" rel=\"nofollow noopener\">https:\/\/www.facebook.com\/policy.php<\/a><\/p>\n<h4 class=\"jet-listing-dynamic-field__content\">Instagram<\/h4>\n<p>Meta Platforms Ireland Limited, 4 Grand Canal Square, Dublin 2, Irland.<\/p>\n<p>Datenschutzerkl\u00e4rung:&nbsp;<a href=\"https:\/\/help.instagram.com\/519522125107875\" target=\"_blank\" rel=\"nofollow noopener\">https:\/\/help.instagram.com\/519522125107875<\/a><\/p>\n<h4 class=\"jet-listing-dynamic-field__content\">Google Analytics<\/h4>\n<p>Wir nutzen auf unserer Webseite Google Analytics, einen Webanalysedienst der Firma Google Ireland Limited, Gordon House, Barrow Street, Dublin 4, Irland, einem Tochterunternehmen der Google LLC, 1600 Amphitheatre Parkway, Mountain View, CA 94043 USA, nachfolgend \u201eGoogle\u201c.<\/p>\n<p>Google Analytics hilft uns dabei, die Nutzung der Website zu analysieren und die Effektivit\u00e4t unserer Marketing-Kampagnen zu messen. Rechtsgrundlage ist hierbei <a title=\"Art. 6 DSGVO: Rechtm\u00e4\u00dfigkeit der Verarbeitung\" href=\"http:\/\/dejure.org\/gesetze\/DSGVO\/6.html\" target=\"_blank\" rel=\"noopener\">Art. 6 Abs. 1 lit. a DSGVO<\/a>. Der Nutzer kann seine Einwilligung zur Nutzung von Google Analytics gem\u00e4\u00df <a title=\"Art. 7 DSGVO: Bedingungen f\u00fcr die Einwilligung\" href=\"http:\/\/dejure.org\/gesetze\/DSGVO\/7.html\" target=\"_blank\" rel=\"noopener\">Art. 7 Abs. 3 DSGVO<\/a> jederzeit \u00fcber die \u201eCookie-Einstellungen\u201c unserer Webseite f\u00fcr die Zukunft widerrufen.<\/p>\n<p>Informationen wie Zeit, Ort und H\u00e4ufigkeit der Webseitenbesuche sowie Interaktionen mit der Webseite (z. B. Klickpfade, gesehene\/angeklickte Anzeigen, Klicks auf Links) einschlie\u00dflich der IP-Adresse des Nutzers werden an einen Server von Google in den USA \u00fcbertragen und dort l\u00e4ngstens f\u00fcr 2 Monate gespeichert.<\/p>\n<p>Google LLC ist Teil des \u201eData Privacy Framework\u201c, f\u00fcr das die EU-Kommission einen Angemessenheitsbeschluss gem\u00e4\u00df <a title=\"Art. 45 DSGVO: Daten\u00fcbermittlung auf der Grundlage eines Angemessenheitsbeschlusses\" href=\"http:\/\/dejure.org\/gesetze\/DSGVO\/45.html\" target=\"_blank\" rel=\"noopener\">Art. 45 DSGVO<\/a> erlassen hat:<\/p>\n<p><a href=\"https:\/\/www.dataprivacyframework.gov\/list\" target=\"_blank\" rel=\"nofollow noopener\">https:\/\/www.dataprivacyframework.gov\/list<\/a><\/p>\n<p>Google erfasst zudem \u201edemografische Merkmale\u201c und kann Statistiken erstellen, die Aussagen \u00fcber Alter, Geschlecht und Interessen der Seitenbesucher erm\u00f6glichen. Dies erfolgt durch die automatisierte Analyse von Werbung und Informationen von Drittanbietern.<\/p>\n<p>Falls der Nutzer in seinem Google-Konto personalisierte Anzeigen aktiviert hat und Google Analytics zustimmt, kann Google das Nutzungsverhalten ger\u00e4te\u00fcbergreifend analysieren \u2013 also bezogen auf alle Ger\u00e4te, die der Nutzer mit seinem Google-Konto verkn\u00fcpft hat. Google erstellt dabei Modelle zu ger\u00e4te\u00fcbergreifenden Conversions; uns werden hierzu nur anonyme Statistiken \u00fcbermittelt, keine personenbezogenen Daten.<\/p>\n<p>M\u00f6chte der Nutzer diese ger\u00e4te\u00fcbergreifende Analyse deaktivieren, kann er die Funktion \u201ePersonalisierte Werbung\u201c in den Einstellungen seines Google-Kontos unter folgendem Link ausschalten:<\/p>\n<p><a href=\"https:\/\/support.google.com\/ads\/answer\/2662922?hl=de\" target=\"_blank\" rel=\"nofollow noopener\">https:\/\/support.google.com\/ads\/answer\/2662922?hl=de<\/a><\/p>\n<p>Wir setzen Google Analytics mit einer Anonymisierungsfunktion ein. Dadurch wird die IP-Adresse des Nutzers von Google innerhalb der EU-Mitgliedstaaten oder in anderen Vertragsstaaten des EWR-Abkommens gek\u00fcrzt.<\/p>\n<p>Google verwendet die erhobenen Daten, um den Webseitenbesuch des Nutzers auszuwerten und f\u00fcr uns Berichte \u00fcber die Websiteaktivit\u00e4ten zusammenzustellen. Die Daten werden au\u00dferdem genutzt, um weitere Dienstleistungen im Zusammenhang mit der Website- und Internetnutzung zu erbringen. Google kann diese Informationen gegebenenfalls an Dritte weitergeben, sofern gesetzlich erforderlich oder wenn Dritte diese Daten im Auftrag von Google verarbeiten.<\/p>\n<p>Laut eigenen Angaben wird Google in keinem Fall die IP-Adresse des Nutzers mit anderen Daten von Google verkn\u00fcpfen. Weiterf\u00fchrende Informationen und M\u00f6glichkeiten zur Unterbindung der Datennutzung bietet Google hier:<\/p>\n<p><a href=\"https:\/\/www.google.com\/intl\/de\/policies\/privacy\/partners\" target=\"_blank\" rel=\"nofollow noopener\">https:\/\/www.google.com\/intl\/de\/policies\/privacy\/partners<\/a><\/p>\n<p>Falls der Nutzer mit der Erfassung nicht einverstanden ist, kann er diese auch durch die einmalige Installation des Browser-Add-ons zur Deaktivierung von Google Analytics unterbinden.<\/p>\n<h4 class=\"jet-listing-dynamic-field__content\">Google Tag Manager<\/h4>\n<p>Zur Einbindung verschiedener Funktionen auf unserer Webseite nutzen wir den Google Tag Manager. Dieses Produkt stammt von Google Ireland Limited, Gordon House, Barrow Street, Dublin 4, Irland, einem Tochterunternehmen der Google LLC, 1600 Amphitheatre Parkway, Mountain View, CA 94043 USA, nachfolgend \u201eGoogle\u201c.<\/p>\n<p>Der Google Tag Manager dient ausschlie\u00dflich dazu, bestimmte Inhalte auf unsere Webseite einzubinden und die Verwaltung dieser Funktionen \u00fcber eine von Google bereitgestellte Oberfl\u00e4che zu erm\u00f6glichen.<\/p>\n<p>Beim Aufrufen der Webseite werden die entsprechenden Funktionen von einem Google-Server geladen, der sich auch in den USA befinden kann. Dabei wird die IP-Adresse des Nutzers verarbeitet, um die Funktionen bereitzustellen.<\/p>\n<p>Die verwendeten Funktionen sind in unserer Datenschutzerkl\u00e4rung abschlie\u00dfend aufgef\u00fchrt. Die f\u00fcr bestimmte Funktionen vom Nutzer nicht erteilten Einwilligungen werden auch bei Einsatz des Google Tag Managers beachtet.<\/p>\n<p>Google LLC ist ebenfalls Teil des \u201eData Privacy Framework\u201c, f\u00fcr das die EU-Kommission einen Angemessenheitsbeschluss gem\u00e4\u00df <a title=\"Art. 45 DSGVO: Daten\u00fcbermittlung auf der Grundlage eines Angemessenheitsbeschlusses\" href=\"http:\/\/dejure.org\/gesetze\/DSGVO\/45.html\" target=\"_blank\" rel=\"noopener\">Art. 45 DSGVO<\/a> erlassen hat:<\/p>\n<p><a href=\"https:\/\/www.dataprivacyframework.gov\/list\" target=\"_blank\" rel=\"nofollow noopener\">https:\/\/www.dataprivacyframework.gov\/list<\/a><\/p>\n<p>Rechtsgrundlage f\u00fcr die Nutzung ist <a title=\"Art. 6 DSGVO: Rechtm\u00e4\u00dfigkeit der Verarbeitung\" href=\"http:\/\/dejure.org\/gesetze\/DSGVO\/6.html\" target=\"_blank\" rel=\"noopener\">Art. 6 Abs. 1 lit. f DSGVO<\/a>. Unser berechtigtes Interesse besteht in der Optimierung und dem wirtschaftlichen Betrieb unserer Website.<\/p>\n<h4 class=\"jet-listing-dynamic-field__content\">FontAwesome<\/h4>\n<p>Um Schriften und visuelle Elemente unseres Internetauftritts darstellen zu k\u00f6nnen, setzen wir die externen Schriftarten von FontAwesome ein. Bei FontAwesome handelt es sich um einen Dienst der<\/p>\n<p>Fonticons Inc., 6 Porter Road, Apartment 3R, Cambridge, MA 02140, USA, nachfolgend nur \u201eFontAwesome\u201c genannt.<\/p>\n<p>Bei dem Aufruf unseres Internetauftritts wird eine Verbindung zum Server von FontAwesome in den USA aufgebaut, um so die Darstellung von Schriften und visuellen Elemente zu erm\u00f6glichen und zu aktualisieren.<\/p>\n<p>Rechtsgrundlage ist <a title=\"Art. 6 DSGVO: Rechtm\u00e4\u00dfigkeit der Verarbeitung\" href=\"http:\/\/dejure.org\/gesetze\/DSGVO\/6.html\" target=\"_blank\" rel=\"noopener\">Art. 6 Abs. 1 lit. f) DSGVO<\/a>. Unser berechtigtes Interesse liegt in der Optimierung und dem wirtschaftlichen Betrieb unseres Internetauftritts.<\/p>\n<p>Durch die bei Aufruf unseres Internetauftritts hergestellte Verbindung zum Server von FontAwesome kann FontAwesome ermitteln, von welcher Website Ihre Anfrage gesendet worden ist und an welche IP-Adresse die Darstellung der Schrift zu \u00fcbermitteln ist.<\/p>\n<p>FontAwesome bietet unter<\/p>\n<p><a href=\"https:\/\/fontawesome.com\/privacy\" target=\"_blank\" rel=\"noopener nofollow\">https:\/\/fontawesome.com\/privacy<\/a><\/p>\n<p>weitere Informationen an und zwar insbesondere zu den M\u00f6glichkeiten der Unterbindung der Datennutzung.<\/p>\n<h4 class=\"jet-listing-dynamic-field__content\">Google Fonts<\/h4>\n<p>In unserem Internetauftritt setzen wir Google Fonts zur Darstellung externer Schriftarten ein. Es handelt sich hierbei um einen Dienst der Google Ireland Limited, Gordon House, Barrow Street, Dublin 4, Irland, nachfolgend nur \u201eGoogle\u201c genannt.<\/p>\n<p>Um die Darstellung bestimmter Schriften in unserem Internetauftritt zu erm\u00f6glichen, wird bei Aufruf unseres Internetauftritts eine Verbindung zu dem Google-Server in den USA aufgebaut.<\/p>\n<p>Rechtsgrundlage ist <a title=\"Art. 6 DSGVO: Rechtm\u00e4\u00dfigkeit der Verarbeitung\" href=\"http:\/\/dejure.org\/gesetze\/DSGVO\/6.html\" target=\"_blank\" rel=\"noopener\">Art. 6 Abs. 1 lit. f) DSGVO<\/a>. Unser berechtigtes Interesse liegt in der Optimierung und dem wirtschaftlichen Betrieb unseres Internetauftritts.<\/p>\n<p>Durch die bei Aufruf unseres Internetauftritts hergestellte Verbindung zu Google kann Google ermitteln, von welcher Website Ihre Anfrage gesendet worden ist und an welche IP-Adresse die Darstellung der Schrift zu \u00fcbermitteln ist.<\/p>\n<p>Google bietet unter<\/p>\n<p><a href=\"https:\/\/adssettings.google.com\/authenticated\" target=\"_blank\" rel=\"noopener nofollow\">https:\/\/adssettings.google.com\/authenticated<\/a><\/p>\n<p><a href=\"https:\/\/policies.google.com\/privacy\" target=\"_blank\" rel=\"noopener nofollow\">https:\/\/policies.google.com\/privacy<\/a><\/p>\n<p>weitere Informationen an und zwar insbesondere zu den M\u00f6glichkeiten der Unterbindung der Datennutzung.<\/p>\n<h4 class=\"jet-listing-dynamic-field__content\">Google reCAPTCHA<\/h4>\n<p>In unserem Internetauftritt setzen wir Google reCAPTCHA zur \u00dcberpr\u00fcfung und Vermeidung von Interaktionen auf unserer Internetseite durch automatisierte Zugriffe, bspw. durch sog. Bots, ein. Es handelt sich hierbei um einen Dienst der Google Ireland Limited, Gordon House, Barrow Street, Dublin 4, Irland, nachfolgend nur \u201eGoogle\u201c genannt.<\/p>\n<p>Durch diesen Dienst kann Google ermitteln, von welcher Webseite eine Anfrage gesendet wird sowie von welcher IP-Adresse aus Sie die sog. reCAPTCHA-Eingabebox verwenden. Neben Ihrer IP-Adresse werden wom\u00f6glich noch weitere Informationen durch Google erfasst, die f\u00fcr das Angebot und die Gew\u00e4hrleistung dieses Dienstes notwendig sind.<\/p>\n<p>Rechtsgrundlage ist <a title=\"Art. 6 DSGVO: Rechtm\u00e4\u00dfigkeit der Verarbeitung\" href=\"http:\/\/dejure.org\/gesetze\/DSGVO\/6.html\" target=\"_blank\" rel=\"noopener\">Art. 6 Abs. 1 lit. f) DSGVO<\/a>. Unser berechtigtes Interesse liegt in der Sicherheit unseres Internetauftritts sowie in der Abwehr unerw\u00fcnschter, automatisierter Zugriffe in Form von Spam o.\u00e4..<\/p>\n<p>Google bietet unter<\/p>\n<p><a href=\"https:\/\/policies.google.com\/privacy\" target=\"_blank\" rel=\"noopener nofollow\">https:\/\/policies.google.com\/privacy<\/a><\/p>\n<p>weitergehende Informationen zu dem allgemeinen Umgang mit Ihren Nutzerdaten an.<\/p>\n<h4 class=\"jet-listing-dynamic-field__content\">Google-Maps<\/h4>\n<p>In unserem Internetauftritt setzen wir Google Maps zur Darstellung unseres Standorts sowie zur Erstellung einer Anfahrtsbeschreibung ein. Es handelt sich hierbei um einen Dienst der Google Ireland Limited, Gordon House, Barrow Street, Dublin 4, Irland, nachfolgend nur \u201eGoogle\u201c genannt.<\/p>\n<p>Sofern Sie die in unseren Internetauftritt eingebundene Komponente Google Maps aufrufen, speichert Google \u00fcber Ihren Internet-Browser ein Cookie auf Ihrem Endger\u00e4t. Um unseren Standort anzuzeigen und eine Anfahrtsbeschreibung zu erstellen, werden Ihre Nutzereinstellungen und -daten verarbeitet. Hierbei k\u00f6nnen wir nicht ausschlie\u00dfen, dass Google Server in den USA einsetzt.<\/p>\n<p>Im Falle einer von Ihnen erteilten Einwilligung f\u00fcr diese Verarbeitung ist Rechtsgrundlage <a title=\"Art. 6 DSGVO: Rechtm\u00e4\u00dfigkeit der Verarbeitung\" href=\"http:\/\/dejure.org\/gesetze\/DSGVO\/6.html\" target=\"_blank\" rel=\"noopener\">Art. 6 Abs. 1 lit. a DSGVO<\/a>. Rechtsgrundlage kann auch <a title=\"Art. 6 DSGVO: Rechtm\u00e4\u00dfigkeit der Verarbeitung\" href=\"http:\/\/dejure.org\/gesetze\/DSGVO\/6.html\" target=\"_blank\" rel=\"noopener\">Art. 6 Abs. 1 lit. f DSGVO<\/a> sein. Unser berechtigtes Interesse liegt in der Optimierung der Funktionalit\u00e4t unseres Internetauftritts.<\/p>\n<p>Durch die so hergestellte Verbindung zu Google kann Google ermitteln, von welcher Website Ihre Anfrage gesendet worden ist und an welche IP-Adresse die Anfahrtsbeschreibung zu \u00fcbermitteln ist.<\/p>\n<p>Sofern Sie mit dieser Verarbeitung nicht einverstanden sind, haben Sie die M\u00f6glichkeit, die Installation der Cookies durch die entsprechenden Einstellungen in Ihrem Internet-Browser zu verhindern. Einzelheiten hierzu finden Sie vorstehend unter dem Punkt \u201eCookies\u201c.<\/p>\n<p>Zudem erfolgt die Nutzung von Google Maps sowie der \u00fcber Google Maps erlangten Informationen nach den&nbsp;<a href=\"https:\/\/policies.google.com\/terms?gl=DE&amp;hl=de\" target=\"_blank\" rel=\"nofollow noopener\">Google-Nutzungsbedingungen<\/a>&nbsp; und den&nbsp;<a href=\"https:\/\/www.google.com\/intl\/de_de\/help\/terms_maps.html\" target=\"_blank\" rel=\"nofollow noopener\">Gesch\u00e4ftsbedingungen f\u00fcr Google Maps<\/a> .<\/p>\n<p>\u00dcberdies bietet Google unter<\/p>\n<p><a href=\"https:\/\/adssettings.google.com\/authenticated\" target=\"_blank\" rel=\"nofollow noopener\">https:\/\/adssettings.google.com\/authenticated<\/a><\/p>\n<p><a href=\"https:\/\/policies.google.com\/privacy\" target=\"_blank\" rel=\"nofollow noopener\">https:\/\/policies.google.com\/privacy<\/a><\/p>\n<p>weitergehende Informationen an.<\/p>\n<h4 class=\"jet-listing-dynamic-field__content\">Google AdSense<\/h4>\n<p>In unserem Internetauftritt setzen wir zur Einbindung von Werbeanzeigen Google AdSense ein. Es handelt sich hierbei um einen Dienst der Google Ireland Limited, Gordon House, Barrow Street, Dublin 4, Irland, nachfolgend nur \u201eGoogle\u201c genannt.<\/p>\n<p>Durch Google AdSense werden Cookies sowie sog. Web Beacons \u00fcber Ihren Internet-Browser auf Ihrem Endger\u00e4t gespeichert. Hierdurch erm\u00f6glicht uns Google die Analyse der Nutzung unseres Internetauftritts durch Sie. Die so erfassten Informationen werden neben Ihrer IP-Adresse und der Ihnen angezeigten Werbeformate an Google in die USA \u00fcbertragen und dort gespeichert. Ferner kann Google diese Informationen an Vertragspartner weitergeben. Google erkl\u00e4rt allerdings, dass Ihre IP-Adresse nicht mit anderen Daten von Ihnen zusammengef\u00fchrt w\u00fcrden.<\/p>\n<p>Im Falle einer von Ihnen erteilten Einwilligung f\u00fcr diese Verarbeitung ist Rechtsgrundlage <a title=\"Art. 6 DSGVO: Rechtm\u00e4\u00dfigkeit der Verarbeitung\" href=\"http:\/\/dejure.org\/gesetze\/DSGVO\/6.html\" target=\"_blank\" rel=\"noopener\">Art. 6 Abs. 1 lit. a DSGVO<\/a>. Rechtsgrundlage kann auch <a title=\"Art. 6 DSGVO: Rechtm\u00e4\u00dfigkeit der Verarbeitung\" href=\"http:\/\/dejure.org\/gesetze\/DSGVO\/6.html\" target=\"_blank\" rel=\"noopener\">Art. 6 Abs. 1 lit. f DSGVO<\/a> sein. Unser berechtigtes Interesse liegt in der Analyse, Optimierung und dem wirtschaftlichen Betrieb unseres Internetauftritts.<\/p>\n<p>Sofern Sie mit dieser Verarbeitung nicht einverstanden sind, haben Sie die M\u00f6glichkeit, die Installation der Cookies durch die entsprechenden Einstellungen in Ihrem Internet-Browser zu verhindern. Einzelheiten hierzu finden Sie vorstehend unter dem Punkt \u201eCookies\u201c.<\/p>\n<p>Zudem bietet Google unter<\/p>\n<p><a href=\"https:\/\/policies.google.com\/privacy\" target=\"_blank\" rel=\"noopener nofollow\">https:\/\/policies.google.com\/privacy<\/a><\/p>\n<p><a href=\"https:\/\/adssettings.google.com\/authenticated\" target=\"_blank\" rel=\"noopener nofollow\">https:\/\/adssettings.google.com\/authenticated<\/a><\/p>\n<p>weitere Informationen an und zwar insbesondere zu den M\u00f6glichkeiten der Unterbindung der Datennutzung.<\/p>\n<h4 class=\"jet-listing-dynamic-field__content\">Google AdWords mit Conversion-Tracking<\/h4>\n<p>In unserem Internetauftritt setzen wir die Werbe-Komponente Google AdWords und dabei das sog. Conversion-Tracking ein. Es handelt sich hierbei um einen Dienst der Google Ireland Limited, Gordon House, Barrow Street, Dublin 4, Irland, nachfolgend nur \u201eGoogle\u201c genannt.<\/p>\n<p>Wir nutzen das Conversion-Tracking zur zielgerichteten Bewerbung unseres Angebots. Im Falle einer von Ihnen erteilten Einwilligung f\u00fcr diese Verarbeitung ist Rechtsgrundlage <a title=\"Art. 6 DSGVO: Rechtm\u00e4\u00dfigkeit der Verarbeitung\" href=\"http:\/\/dejure.org\/gesetze\/DSGVO\/6.html\" target=\"_blank\" rel=\"noopener\">Art. 6 Abs. 1 lit. a DSGVO<\/a>. Rechtsgrundlage kann auch <a title=\"Art. 6 DSGVO: Rechtm\u00e4\u00dfigkeit der Verarbeitung\" href=\"http:\/\/dejure.org\/gesetze\/DSGVO\/6.html\" target=\"_blank\" rel=\"noopener\">Art. 6 Abs. 1 lit. f DSGVO<\/a> sein. Unser berechtigtes Interesse liegt in der Analyse, Optimierung und dem wirtschaftlichen Betrieb unseres Internetauftritts.<\/p>\n<p>Falls Sie auf eine von Google geschaltete Anzeige klicken, speichert das von uns eingesetzte Conversion-Tracking ein Cookie auf Ihrem Endger\u00e4t. Diese sog. Conversion-Cookies verlieren mit Ablauf von 30 Tagen ihre G\u00fcltigkeit und dienen im \u00dcbrigen nicht Ihrer pers\u00f6nlichen Identifikation.<\/p>\n<p>Sofern das Cookie noch g\u00fcltig ist und Sie eine bestimmte Seite unseres Internetauftritts besuchen, k\u00f6nnen sowohl wir als auch Google auswerten, dass Sie auf eine unserer bei Google platzierten Anzeigen geklickt haben und dass Sie anschlie\u00dfend auf unseren Internetauftritt weitergeleitet worden sind.<\/p>\n<p>Durch die so eingeholten Informationen erstellt Google uns eine Statistik \u00fcber den Besuch unseres Internetauftritts. Zudem erhalten wir hierdurch Informationen \u00fcber die Anzahl der Nutzer, die auf unsere Anzeige(n) geklickt haben sowie \u00fcber die anschlie\u00dfend aufgerufenen Seiten unseres Internetauftritts. Weder wir noch Dritte, die ebenfalls Google-AdWords einsetzten, werden hierdurch allerdings in die Lage versetzt, Sie auf diesem Wege zu identifizieren.<\/p>\n<p>Durch die entsprechenden Einstellungen Ihres Internet-Browsers k\u00f6nnen Sie zudem die Installation der Cookies verhindern oder einschr\u00e4nken. Gleichzeitig k\u00f6nnen Sie bereits gespeicherte Cookies jederzeit l\u00f6schen. Die hierf\u00fcr erforderlichen Schritte und Ma\u00dfnahmen h\u00e4ngen jedoch von Ihrem konkret genutzten Internet-Browser ab. Bei Fragen benutzen Sie daher bitte die Hilfefunktion oder Dokumentation Ihres Internet-Browsers oder wenden sich an dessen Hersteller bzw. Support.<\/p>\n<p>Ferner bietet auch Google unter<\/p>\n<p><a href=\"https:\/\/services.google.com\/sitestats\/de.html\" target=\"_blank\" rel=\"noopener nofollow\">https:\/\/services.google.com\/sitestats\/de.html<\/a><\/p>\n<p><a href=\"https:\/\/www.google.com\/policies\/technologies\/ads\/\" target=\"_blank\" rel=\"noopener nofollow\">https:\/\/www.google.com\/policies\/technologies\/ads\/<\/a><\/p>\n<p><a href=\"http:\/\/www.google.de\/policies\/privacy\/\" target=\"_blank\" rel=\"noopener nofollow\">http:\/\/www.google.de\/policies\/privacy\/<\/a><\/p>\n<p>weitergehende Informationen zu diesem Thema und dabei insbesondere zu den M\u00f6glichkeiten der Unterbindung der Datennutzung an.<\/p>\n<p><a href=\"https:\/\/www.generator-datenschutzerkl\u00e4rung.de\" target=\"_blank\" rel=\"noopener\">Muster-Datenschutzerkl\u00e4rung<\/a> der <a href=\"https:\/\/www.bewertung-l\u00f6schen24.de\" target=\"_blank\" rel=\"nofollow noopener\">Anwaltskanzlei Wei\u00df &amp; Partner<\/a><\/p><p>Stand: April 2025<\/p>\t\t\t\t\t\t\t\t<\/div>\n\t\t\t\t<\/div>\n\t\t\t\t\t<\/div>\n\t\t<\/div>\n\t\t\t\t\t<\/div>\n\t\t<\/section>\n\t\t\t\t<section class=\"elementor-section elementor-top-section elementor-element elementor-element-75c1796 elementor-section-boxed elementor-section-height-default elementor-section-height-default\" data-id=\"75c1796\" data-element_type=\"section\" data-e-type=\"section\">\n\t\t\t\t\t\t<div class=\"elementor-container elementor-column-gap-default\">\n\t\t\t\t\t<div class=\"elementor-column elementor-col-100 elementor-top-column elementor-element elementor-element-c93e3a2\" data-id=\"c93e3a2\" data-element_type=\"column\" data-e-type=\"column\">\n\t\t\t<div class=\"elementor-widget-wrap elementor-element-populated\">\n\t\t\t\t\t\t<div class=\"elementor-element elementor-element-181f274 elementor-widget elementor-widget-spacer\" data-id=\"181f274\" data-element_type=\"widget\" data-e-type=\"widget\" data-widget_type=\"spacer.default\">\n\t\t\t\t<div class=\"elementor-widget-container\">\n\t\t\t\t\t\t\t<div class=\"elementor-spacer\">\n\t\t\t<div class=\"elementor-spacer-inner\"><\/div>\n\t\t<\/div>\n\t\t\t\t\t\t<\/div>\n\t\t\t\t<\/div>\n\t\t\t\t\t<\/div>\n\t\t<\/div>\n\t\t\t\t\t<\/div>\n\t\t<\/section>\n\t\t\t\t<section class=\"elementor-section elementor-top-section elementor-element elementor-element-4a4daea elementor-hidden-phone elementor-section-boxed elementor-section-height-default elementor-section-height-default\" data-id=\"4a4daea\" data-element_type=\"section\" data-e-type=\"section\">\n\t\t\t\t\t\t<div class=\"elementor-container elementor-column-gap-no\">\n\t\t\t\t\t<div class=\"elementor-column elementor-col-100 elementor-top-column elementor-element elementor-element-c740e05\" data-id=\"c740e05\" data-element_type=\"column\" data-e-type=\"column\">\n\t\t\t<div class=\"elementor-widget-wrap elementor-element-populated\">\n\t\t\t\t\t\t<div class=\"elementor-element elementor-element-dd273ca elementor-widget elementor-widget-slider_revolution\" data-id=\"dd273ca\" data-element_type=\"widget\" data-e-type=\"widget\" data-widget_type=\"slider_revolution.default\">\n\t\t\t\t<div class=\"elementor-widget-container\">\n\t\t\t\t\t\n\t\t<div class=\"wp-block-themepunch-revslider\">\n\t\t\t\t<p class=\"rs-p-wp-fix\"><\/p>\n\t\t\t\t<sr7-module data-alias=\"kontakt-klein-1\" data-id=\"35\" id=\"footer\" data-version=\"6.7.54\">\n\t\t\t\t\t<sr7-adjuster><\/sr7-adjuster>\n\t\t\t\t\t<sr7-content>\n\t\t\t\t\t\t<sr7-slide id=\"footer-16\" data-key=\"16\">\n\t\t\t\t\t\t\t<a id=\"footer-16-12\" class=\"sr7-layer\" href=\"\/\/ratskeller.restaurant\/kantine-leipzig\/datenschutz\" target=\"_self\" rel=\"nofollow\">DATENSCHUTZ<\/a>\n\t\t\t\t\t\t\t<sr7-txt id=\"footer-16-13\" class=\"sr7-layer\"><i class=\"fa-phone-square\"><\/i> <a href=\"tel:+493411236204\">+49 341 1236204<\/a><br \/>\n<i class=\"material-icons\"><\/i> E-Mail: <a href= \"mailto:info@kantine-leipzig.de\">info@kantine-leipzig.de<\/a><br \/>\nMartin-Luther-Ring 4-6<br>04109 Leipzig | <a href=\"https:\/\/goo.gl\/maps\/o2CaP1SAnnyTkeo8A\">Google Map<\/a><\/sr7-txt>\n\t\t\t\t\t\t\t<sr7-txt id=\"footer-16-14\" class=\"sr7-layer\">Montag bis Freitag<br \/>\nFr\u00fchst\u00fcck von 9 bis 11 Uhr<br \/>\nMittagstisch von 11 bis 14 Uhr<\/sr7-txt>\n\t\t\t\t\t\t\t<sr7-txt id=\"footer-16-16\" class=\"sr7-layer\">\u00d6FFNUNGSZEITEN<\/sr7-txt>\n\t\t\t\t\t\t\t<sr7-txt id=\"footer-16-18\" class=\"sr7-layer\">\u00a9 All rights reserved 2023<\/sr7-txt>\n\t\t\t\t\t\t\t<sr7-txt id=\"footer-16-24\" class=\"sr7-layer\">KONTAKT<\/sr7-txt>\n\t\t\t\t\t\t\t<a id=\"footer-16-25\" class=\"sr7-layer\" href=\"\/\/ratskeller.restaurant\/kantine-leipzig\/agb\" target=\"_self\" rel=\"nofollow\">AGB<\/a>\n\t\t\t\t\t\t\t<a id=\"footer-16-26\" class=\"sr7-layer\" href=\"\/\/ratskeller.restaurant\/kantine-leipzig\/impressum\" target=\"_self\" rel=\"nofollow\">IMPRESSUM<\/a>\n\t\t\t\t\t\t\t<a id=\"footer-16-32\" class=\"sr7-layer\" href=\"#oben\" target=\"_self\" rel=\"nofollow\"><i class=\"fa-arrow-up\"><\/i><\/a>\n\t\t\t\t\t\t<\/sr7-slide>\n\t\t\t\t\t\t<sr7-slide id=\"footer-34\" data-key=\"34\">\n\t\t\t\t\t\t<\/sr7-slide>\n\t\t\t\t\t<\/sr7-content>\n\t\t\t\t<\/sr7-module>\n\t\t\t\t<script>\n\t\t\t\t\twindow.SR7 ??={};SR7.PMH ??={}; SR7.PMH[\"footer\"] = {cn:100,state:false,fn: function() { if (window._tpt!==undefined && window._tpt.prepareModuleHeight !== undefined) {  _tpt.prepareModuleHeight({id:\"footer\",el:[639,639,639,1300],type:'standard',shdw:'0',gh:[639,639,639,1800],gw:[1000,1000,1000,1000],vpt:['-200px'],size:{fullWidth:true, fullHeight:false},mh:'1100px',onh:0,onw:0,bg:{color:'#252528'},plType:'0',plColor:'#ffffff'});   SR7.PMH[\"footer\"].state=true;} else if(SR7.PMH[\"footer\"].cn-->0)\tsetTimeout( SR7.PMH[\"footer\"].fn,19);}};SR7.PMH[\"footer\" ].fn();\n\t\t\t\t<\/script>\n<\/div>\n\n\t\t\t\t\t\t<\/div>\n\t\t\t\t<\/div>\n\t\t\t\t\t<\/div>\n\t\t<\/div>\n\t\t\t\t\t<\/div>\n\t\t<\/section>\n\t\t\t\t<section class=\"elementor-section elementor-top-section elementor-element elementor-element-6d8631d elementor-hidden-desktop elementor-hidden-tablet elementor-section-boxed elementor-section-height-default elementor-section-height-default\" data-id=\"6d8631d\" data-element_type=\"section\" data-e-type=\"section\" data-settings=\"{&quot;background_background&quot;:&quot;classic&quot;}\">\n\t\t\t\t\t\t<div class=\"elementor-container elementor-column-gap-default\">\n\t\t\t\t\t<div class=\"elementor-column elementor-col-100 elementor-top-column elementor-element elementor-element-3ff9081\" data-id=\"3ff9081\" data-element_type=\"column\" data-e-type=\"column\">\n\t\t\t<div class=\"elementor-widget-wrap elementor-element-populated\">\n\t\t\t\t\t\t<div class=\"elementor-element elementor-element-66efe06 elementor-widget elementor-widget-spacer\" data-id=\"66efe06\" data-element_type=\"widget\" data-e-type=\"widget\" data-widget_type=\"spacer.default\">\n\t\t\t\t<div class=\"elementor-widget-container\">\n\t\t\t\t\t\t\t<div class=\"elementor-spacer\">\n\t\t\t<div class=\"elementor-spacer-inner\"><\/div>\n\t\t<\/div>\n\t\t\t\t\t\t<\/div>\n\t\t\t\t<\/div>\n\t\t\t\t\t<\/div>\n\t\t<\/div>\n\t\t\t\t\t<\/div>\n\t\t<\/section>\n\t\t\t\t<section class=\"elementor-section elementor-top-section elementor-element elementor-element-569f4e1 elementor-hidden-desktop elementor-hidden-tablet elementor-section-boxed elementor-section-height-default elementor-section-height-default\" data-id=\"569f4e1\" data-element_type=\"section\" data-e-type=\"section\" data-settings=\"{&quot;background_background&quot;:&quot;classic&quot;}\">\n\t\t\t\t\t\t<div class=\"elementor-container elementor-column-gap-default\">\n\t\t\t\t\t<div class=\"elementor-column elementor-col-33 elementor-top-column elementor-element elementor-element-20317ac\" data-id=\"20317ac\" data-element_type=\"column\" data-e-type=\"column\">\n\t\t\t<div class=\"elementor-widget-wrap elementor-element-populated\">\n\t\t\t\t\t\t<div class=\"elementor-element elementor-element-906e1dc elementor-widget elementor-widget-text-editor\" data-id=\"906e1dc\" data-element_type=\"widget\" data-e-type=\"widget\" data-widget_type=\"text-editor.default\">\n\t\t\t\t<div class=\"elementor-widget-container\">\n\t\t\t\t\t\t\t\t\t<p><strong>KONTAKT<\/strong><\/p><p>Tel.: <a href=\"tel:+493411236204\">+49 341 1236204<\/a><br \/>E-Mail: <a href=\"mailto:info@kantine-leipzig.de\">info@kantine-leipzig.de<\/a><br \/>Martin-Luther-Ring 4 \u2013 6<br \/>04109 Leipzig<\/p><p><a href=\"https:\/\/goo.gl\/maps\/U5it6ra6imjVqKkF6\" target=\"_blank\" rel=\"noopener\">Google Map<\/a><\/p>\t\t\t\t\t\t\t\t<\/div>\n\t\t\t\t<\/div>\n\t\t\t\t\t<\/div>\n\t\t<\/div>\n\t\t\t\t<div class=\"elementor-column elementor-col-33 elementor-top-column elementor-element elementor-element-bf7c101\" data-id=\"bf7c101\" data-element_type=\"column\" data-e-type=\"column\">\n\t\t\t<div class=\"elementor-widget-wrap elementor-element-populated\">\n\t\t\t\t\t\t<div class=\"elementor-element elementor-element-1f22f86 elementor-widget elementor-widget-text-editor\" data-id=\"1f22f86\" data-element_type=\"widget\" data-e-type=\"widget\" data-widget_type=\"text-editor.default\">\n\t\t\t\t<div class=\"elementor-widget-container\">\n\t\t\t\t\t\t\t\t\t<p><strong>\u00d6FFNUNGSZEITEN<\/strong><\/p><p>Montag bis Freitag<br \/>Fr\u00fchst\u00fcck von 9 bis 11 Uhr<br \/>Mittagstisch von 11 bis 14 Uhr<\/p>\t\t\t\t\t\t\t\t<\/div>\n\t\t\t\t<\/div>\n\t\t\t\t\t<\/div>\n\t\t<\/div>\n\t\t\t\t<div class=\"elementor-column elementor-col-33 elementor-top-column elementor-element elementor-element-5d75bff\" data-id=\"5d75bff\" data-element_type=\"column\" data-e-type=\"column\">\n\t\t\t<div class=\"elementor-widget-wrap elementor-element-populated\">\n\t\t\t\t\t\t<div class=\"elementor-element elementor-element-e9685d5 elementor-widget elementor-widget-text-editor\" data-id=\"e9685d5\" data-element_type=\"widget\" data-e-type=\"widget\" data-widget_type=\"text-editor.default\">\n\t\t\t\t<div class=\"elementor-widget-container\">\n\t\t\t\t\t\t\t\t\t<p><a href=\"https:\/\/ratskeller.restaurant\/kantine-leipzig\/datenschutz\/\"><b>DATENSCHUTZ<\/b><\/a><\/p><p><a href=\"https:\/\/ratskeller.restaurant\/kantine-leipzig\/agb\"><strong>AGB<\/strong><\/a><\/p><p><a href=\"https:\/\/ratskeller.restaurant\/kantine-leipzig\/impressum\/\"><strong>IMPRESSUM<\/strong><\/a><\/p>\t\t\t\t\t\t\t\t<\/div>\n\t\t\t\t<\/div>\n\t\t\t\t\t<\/div>\n\t\t<\/div>\n\t\t\t\t\t<\/div>\n\t\t<\/section>\n\t\t\t\t<section class=\"elementor-section elementor-top-section elementor-element elementor-element-08e270e elementor-hidden-desktop elementor-hidden-tablet elementor-section-boxed elementor-section-height-default elementor-section-height-default\" data-id=\"08e270e\" data-element_type=\"section\" data-e-type=\"section\" data-settings=\"{&quot;background_background&quot;:&quot;classic&quot;}\">\n\t\t\t\t\t\t<div class=\"elementor-container elementor-column-gap-default\">\n\t\t\t\t\t<div class=\"elementor-column elementor-col-100 elementor-top-column elementor-element elementor-element-02fe3e6\" data-id=\"02fe3e6\" data-element_type=\"column\" data-e-type=\"column\">\n\t\t\t<div class=\"elementor-widget-wrap elementor-element-populated\">\n\t\t\t\t\t\t<div class=\"elementor-element elementor-element-22be6e5 elementor-widget elementor-widget-text-editor\" data-id=\"22be6e5\" data-element_type=\"widget\" data-e-type=\"widget\" data-widget_type=\"text-editor.default\">\n\t\t\t\t<div class=\"elementor-widget-container\">\n\t\t\t\t\t\t\t\t\t<p><b>\u00a9 All rights reserved 2020<\/b><\/p>\t\t\t\t\t\t\t\t<\/div>\n\t\t\t\t<\/div>\n\t\t\t\t\t<\/div>\n\t\t<\/div>\n\t\t\t\t\t<\/div>\n\t\t<\/section>\n\t\t\t\t<section class=\"elementor-section elementor-top-section elementor-element elementor-element-66ded09 elementor-section-boxed elementor-section-height-default elementor-section-height-default\" data-id=\"66ded09\" data-element_type=\"section\" data-e-type=\"section\">\n\t\t\t\t\t\t<div class=\"elementor-container elementor-column-gap-no\">\n\t\t\t\t\t<div class=\"elementor-column elementor-col-100 elementor-top-column elementor-element elementor-element-4c0ef8c\" data-id=\"4c0ef8c\" data-element_type=\"column\" data-e-type=\"column\">\n\t\t\t<div class=\"elementor-widget-wrap elementor-element-populated\">\n\t\t\t\t\t\t<div class=\"elementor-element elementor-element-1770ec7 elementor-widget elementor-widget-menu-anchor\" data-id=\"1770ec7\" data-element_type=\"widget\" data-e-type=\"widget\" data-widget_type=\"menu-anchor.default\">\n\t\t\t\t<div class=\"elementor-widget-container\">\n\t\t\t\t\t\t\t<div class=\"elementor-menu-anchor\" id=\"kontakt\"><\/div>\n\t\t\t\t\t\t<\/div>\n\t\t\t\t<\/div>\n\t\t\t\t\t<\/div>\n\t\t<\/div>\n\t\t\t\t\t<\/div>\n\t\t<\/section>\n\t\t\t\t<\/div>\n\t\t","protected":false},"excerpt":{"rendered":"<p>HOME \u00d6FFNUNGSZEITEN SPEISEKARTE ANGEBOT Datenschutzerkl\u00e4rung Personenbezogene Daten (nachfolgend zumeist nur \u201eDaten\u201c genannt) werden von uns nur im Rahmen der Erforderlichkeit sowie zum Zwecke der Bereitstellung eines funktionsf\u00e4higen und nutzerfreundlichen Internetauftritts, inklusive seiner Inhalte und der dort angebotenen Leistungen, verarbeitet. Gem\u00e4\u00df Art. 4 Ziffer 1. der Verordnung (EU) 2016\/679, also der Datenschutz-Grundverordnung (nachfolgend nur \u201eDSGVO\u201c genannt), [&hellip;]<\/p>\n","protected":false},"author":1,"featured_media":0,"parent":0,"menu_order":0,"comment_status":"closed","ping_status":"closed","template":"","meta":{"_monsterinsights_skip_tracking":false,"_monsterinsights_sitenote_active":false,"_monsterinsights_sitenote_note":"","_monsterinsights_sitenote_category":0,"ngg_post_thumbnail":0,"footnotes":""},"class_list":["post-673","page","type-page","status-publish","hentry"],"yoast_head":"<!-- This site is optimized with the Yoast SEO plugin v27.5 - https:\/\/yoast.com\/product\/yoast-seo-wordpress\/ -->\n<title>Datenschutz -<\/title>\n<meta name=\"robots\" content=\"index, follow, max-snippet:-1, max-image-preview:large, max-video-preview:-1\" \/>\n<link rel=\"canonical\" href=\"https:\/\/ratskeller.restaurant\/kantine-leipzig\/datenschutz\/\" \/>\n<meta property=\"og:locale\" content=\"de_DE\" \/>\n<meta property=\"og:type\" content=\"article\" \/>\n<meta property=\"og:title\" content=\"Datenschutz -\" \/>\n<meta property=\"og:description\" content=\"HOME \u00d6FFNUNGSZEITEN SPEISEKARTE ANGEBOT Datenschutzerkl\u00e4rung Personenbezogene Daten (nachfolgend zumeist nur \u201eDaten\u201c genannt) werden von uns nur im Rahmen der Erforderlichkeit sowie zum Zwecke der Bereitstellung eines funktionsf\u00e4higen und nutzerfreundlichen Internetauftritts, inklusive seiner Inhalte und der dort angebotenen Leistungen, verarbeitet. Gem\u00e4\u00df Art. 4 Ziffer 1. der Verordnung (EU) 2016\/679, also der Datenschutz-Grundverordnung (nachfolgend nur \u201eDSGVO\u201c genannt), [&hellip;]\" \/>\n<meta property=\"og:url\" content=\"https:\/\/ratskeller.restaurant\/kantine-leipzig\/datenschutz\/\" \/>\n<meta property=\"article:publisher\" content=\"https:\/\/www.facebook.com\/kantineleipzig\" \/>\n<meta property=\"article:modified_time\" content=\"2025-04-04T15:32:01+00:00\" \/>\n<meta name=\"twitter:card\" content=\"summary_large_image\" \/>\n<meta name=\"twitter:label1\" content=\"Gesch\u00e4tzte Lesezeit\" \/>\n\t<meta name=\"twitter:data1\" content=\"27\u00a0Minuten\" \/>\n<script type=\"application\/ld+json\" class=\"yoast-schema-graph\">{\"@context\":\"https:\\\/\\\/schema.org\",\"@graph\":[{\"@type\":\"WebPage\",\"@id\":\"https:\\\/\\\/ratskeller.restaurant\\\/kantine-leipzig\\\/datenschutz\\\/\",\"url\":\"https:\\\/\\\/ratskeller.restaurant\\\/kantine-leipzig\\\/datenschutz\\\/\",\"name\":\"Datenschutz -\",\"isPartOf\":{\"@id\":\"https:\\\/\\\/ratskeller.restaurant\\\/kantine-leipzig\\\/#website\"},\"datePublished\":\"2020-12-17T12:42:38+00:00\",\"dateModified\":\"2025-04-04T15:32:01+00:00\",\"breadcrumb\":{\"@id\":\"https:\\\/\\\/ratskeller.restaurant\\\/kantine-leipzig\\\/datenschutz\\\/#breadcrumb\"},\"inLanguage\":\"de\",\"potentialAction\":[{\"@type\":\"ReadAction\",\"target\":[\"https:\\\/\\\/ratskeller.restaurant\\\/kantine-leipzig\\\/datenschutz\\\/\"]}]},{\"@type\":\"BreadcrumbList\",\"@id\":\"https:\\\/\\\/ratskeller.restaurant\\\/kantine-leipzig\\\/datenschutz\\\/#breadcrumb\",\"itemListElement\":[{\"@type\":\"ListItem\",\"position\":1,\"name\":\"Startseite\",\"item\":\"https:\\\/\\\/ratskeller.restaurant\\\/kantine-leipzig\\\/\"},{\"@type\":\"ListItem\",\"position\":2,\"name\":\"Datenschutz\"}]},{\"@type\":\"WebSite\",\"@id\":\"https:\\\/\\\/ratskeller.restaurant\\\/kantine-leipzig\\\/#website\",\"url\":\"https:\\\/\\\/ratskeller.restaurant\\\/kantine-leipzig\\\/\",\"name\":\"Kantine Leipzig\",\"description\":\"\",\"publisher\":{\"@id\":\"https:\\\/\\\/ratskeller.restaurant\\\/kantine-leipzig\\\/#organization\"},\"potentialAction\":[{\"@type\":\"SearchAction\",\"target\":{\"@type\":\"EntryPoint\",\"urlTemplate\":\"https:\\\/\\\/ratskeller.restaurant\\\/kantine-leipzig\\\/?s={search_term_string}\"},\"query-input\":{\"@type\":\"PropertyValueSpecification\",\"valueRequired\":true,\"valueName\":\"search_term_string\"}}],\"inLanguage\":\"de\"},{\"@type\":\"Organization\",\"@id\":\"https:\\\/\\\/ratskeller.restaurant\\\/kantine-leipzig\\\/#organization\",\"name\":\"Kantine der Stadt Leipzig\",\"url\":\"https:\\\/\\\/ratskeller.restaurant\\\/kantine-leipzig\\\/\",\"logo\":{\"@type\":\"ImageObject\",\"inLanguage\":\"de\",\"@id\":\"https:\\\/\\\/ratskeller.restaurant\\\/kantine-leipzig\\\/#\\\/schema\\\/logo\\\/image\\\/\",\"url\":\"https:\\\/\\\/ratskeller.restaurant\\\/kantine-leipzig\\\/wp-content\\\/uploads\\\/sites\\\/5\\\/2022\\\/08\\\/Kantine-Leipzig-Logo-gruen.png\",\"contentUrl\":\"https:\\\/\\\/ratskeller.restaurant\\\/kantine-leipzig\\\/wp-content\\\/uploads\\\/sites\\\/5\\\/2022\\\/08\\\/Kantine-Leipzig-Logo-gruen.png\",\"width\":3161,\"height\":1648,\"caption\":\"Kantine der Stadt Leipzig\"},\"image\":{\"@id\":\"https:\\\/\\\/ratskeller.restaurant\\\/kantine-leipzig\\\/#\\\/schema\\\/logo\\\/image\\\/\"},\"sameAs\":[\"https:\\\/\\\/www.facebook.com\\\/kantineleipzig\",\"https:\\\/\\\/www.instagram.com\\\/kantine_leipzig\\\/\"]}]}<\/script>\n<!-- \/ Yoast SEO plugin. -->","yoast_head_json":{"title":"Datenschutz -","robots":{"index":"index","follow":"follow","max-snippet":"max-snippet:-1","max-image-preview":"max-image-preview:large","max-video-preview":"max-video-preview:-1"},"canonical":"https:\/\/ratskeller.restaurant\/kantine-leipzig\/datenschutz\/","og_locale":"de_DE","og_type":"article","og_title":"Datenschutz -","og_description":"HOME \u00d6FFNUNGSZEITEN SPEISEKARTE ANGEBOT Datenschutzerkl\u00e4rung Personenbezogene Daten (nachfolgend zumeist nur \u201eDaten\u201c genannt) werden von uns nur im Rahmen der Erforderlichkeit sowie zum Zwecke der Bereitstellung eines funktionsf\u00e4higen und nutzerfreundlichen Internetauftritts, inklusive seiner Inhalte und der dort angebotenen Leistungen, verarbeitet. Gem\u00e4\u00df Art. 4 Ziffer 1. der Verordnung (EU) 2016\/679, also der Datenschutz-Grundverordnung (nachfolgend nur \u201eDSGVO\u201c genannt), [&hellip;]","og_url":"https:\/\/ratskeller.restaurant\/kantine-leipzig\/datenschutz\/","article_publisher":"https:\/\/www.facebook.com\/kantineleipzig","article_modified_time":"2025-04-04T15:32:01+00:00","twitter_card":"summary_large_image","twitter_misc":{"Gesch\u00e4tzte Lesezeit":"27\u00a0Minuten"},"schema":{"@context":"https:\/\/schema.org","@graph":[{"@type":"WebPage","@id":"https:\/\/ratskeller.restaurant\/kantine-leipzig\/datenschutz\/","url":"https:\/\/ratskeller.restaurant\/kantine-leipzig\/datenschutz\/","name":"Datenschutz -","isPartOf":{"@id":"https:\/\/ratskeller.restaurant\/kantine-leipzig\/#website"},"datePublished":"2020-12-17T12:42:38+00:00","dateModified":"2025-04-04T15:32:01+00:00","breadcrumb":{"@id":"https:\/\/ratskeller.restaurant\/kantine-leipzig\/datenschutz\/#breadcrumb"},"inLanguage":"de","potentialAction":[{"@type":"ReadAction","target":["https:\/\/ratskeller.restaurant\/kantine-leipzig\/datenschutz\/"]}]},{"@type":"BreadcrumbList","@id":"https:\/\/ratskeller.restaurant\/kantine-leipzig\/datenschutz\/#breadcrumb","itemListElement":[{"@type":"ListItem","position":1,"name":"Startseite","item":"https:\/\/ratskeller.restaurant\/kantine-leipzig\/"},{"@type":"ListItem","position":2,"name":"Datenschutz"}]},{"@type":"WebSite","@id":"https:\/\/ratskeller.restaurant\/kantine-leipzig\/#website","url":"https:\/\/ratskeller.restaurant\/kantine-leipzig\/","name":"Kantine Leipzig","description":"","publisher":{"@id":"https:\/\/ratskeller.restaurant\/kantine-leipzig\/#organization"},"potentialAction":[{"@type":"SearchAction","target":{"@type":"EntryPoint","urlTemplate":"https:\/\/ratskeller.restaurant\/kantine-leipzig\/?s={search_term_string}"},"query-input":{"@type":"PropertyValueSpecification","valueRequired":true,"valueName":"search_term_string"}}],"inLanguage":"de"},{"@type":"Organization","@id":"https:\/\/ratskeller.restaurant\/kantine-leipzig\/#organization","name":"Kantine der Stadt Leipzig","url":"https:\/\/ratskeller.restaurant\/kantine-leipzig\/","logo":{"@type":"ImageObject","inLanguage":"de","@id":"https:\/\/ratskeller.restaurant\/kantine-leipzig\/#\/schema\/logo\/image\/","url":"https:\/\/ratskeller.restaurant\/kantine-leipzig\/wp-content\/uploads\/sites\/5\/2022\/08\/Kantine-Leipzig-Logo-gruen.png","contentUrl":"https:\/\/ratskeller.restaurant\/kantine-leipzig\/wp-content\/uploads\/sites\/5\/2022\/08\/Kantine-Leipzig-Logo-gruen.png","width":3161,"height":1648,"caption":"Kantine der Stadt Leipzig"},"image":{"@id":"https:\/\/ratskeller.restaurant\/kantine-leipzig\/#\/schema\/logo\/image\/"},"sameAs":["https:\/\/www.facebook.com\/kantineleipzig","https:\/\/www.instagram.com\/kantine_leipzig\/"]}]}},"_links":{"self":[{"href":"https:\/\/ratskeller.restaurant\/kantine-leipzig\/wp-json\/wp\/v2\/pages\/673","targetHints":{"allow":["GET"]}}],"collection":[{"href":"https:\/\/ratskeller.restaurant\/kantine-leipzig\/wp-json\/wp\/v2\/pages"}],"about":[{"href":"https:\/\/ratskeller.restaurant\/kantine-leipzig\/wp-json\/wp\/v2\/types\/page"}],"author":[{"embeddable":true,"href":"https:\/\/ratskeller.restaurant\/kantine-leipzig\/wp-json\/wp\/v2\/users\/1"}],"replies":[{"embeddable":true,"href":"https:\/\/ratskeller.restaurant\/kantine-leipzig\/wp-json\/wp\/v2\/comments?post=673"}],"version-history":[{"count":16,"href":"https:\/\/ratskeller.restaurant\/kantine-leipzig\/wp-json\/wp\/v2\/pages\/673\/revisions"}],"predecessor-version":[{"id":1489,"href":"https:\/\/ratskeller.restaurant\/kantine-leipzig\/wp-json\/wp\/v2\/pages\/673\/revisions\/1489"}],"wp:attachment":[{"href":"https:\/\/ratskeller.restaurant\/kantine-leipzig\/wp-json\/wp\/v2\/media?parent=673"}],"curies":[{"name":"wp","href":"https:\/\/api.w.org\/{rel}","templated":true}]}}